{"id":5957,"date":"2020-09-08T10:20:57","date_gmt":"2020-09-08T15:20:57","guid":{"rendered":"https:\/\/mopia.ca\/?page_id=5957"},"modified":"2020-09-28T09:52:19","modified_gmt":"2020-09-28T14:52:19","slug":"news","status":"publish","type":"page","link":"https:\/\/mopia.ca\/fr\/news\/","title":{"rendered":"Nouvelles"},"content":{"rendered":"<div data-elementor-type=\"wp-page\" data-elementor-id=\"5957\" class=\"elementor elementor-5957\" data-elementor-post-type=\"page\">\n\t\t\t\t\t\t<section class=\"elementor-section elementor-top-section elementor-element elementor-element-7fb8e87 elementor-section-boxed elementor-section-height-default elementor-section-height-default\" data-id=\"7fb8e87\" data-element_type=\"section\" data-e-type=\"section\" data-settings=\"{&quot;background_background&quot;:&quot;classic&quot;}\">\n\t\t\t\t\t\t<div class=\"elementor-container elementor-column-gap-default\">\n\t\t\t\t\t<div class=\"elementor-column elementor-col-100 elementor-top-column elementor-element elementor-element-71591cc3\" data-id=\"71591cc3\" data-element_type=\"column\" data-e-type=\"column\">\n\t\t\t<div class=\"elementor-widget-wrap elementor-element-populated\">\n\t\t\t\t\t\t<div class=\"elementor-element elementor-element-2867adb0 elementor-widget elementor-widget-spacer\" data-id=\"2867adb0\" data-element_type=\"widget\" data-e-type=\"widget\" data-widget_type=\"spacer.default\">\n\t\t\t\t<div class=\"elementor-widget-container\">\n\t\t\t\t\t\t\t<div class=\"elementor-spacer\">\n\t\t\t<div class=\"elementor-spacer-inner\"><\/div>\n\t\t<\/div>\n\t\t\t\t\t\t<\/div>\n\t\t\t\t<\/div>\n\t\t\t\t<div class=\"elementor-element elementor-element-3c1b5d18 elementor-widget elementor-widget-heading\" data-id=\"3c1b5d18\" data-element_type=\"widget\" data-e-type=\"widget\" data-widget_type=\"heading.default\">\n\t\t\t\t<div class=\"elementor-widget-container\">\n\t\t\t\t\t<h2 class=\"elementor-heading-title elementor-size-xl\">Nouvelles<\/h2>\t\t\t\t<\/div>\n\t\t\t\t<\/div>\n\t\t\t\t<div class=\"elementor-element elementor-element-30b3e9a6 elementor-widget elementor-widget-heading\" data-id=\"30b3e9a6\" data-element_type=\"widget\" data-e-type=\"widget\" data-widget_type=\"heading.default\">\n\t\t\t\t<div class=\"elementor-widget-container\">\n\t\t\t\t\t<h2 class=\"elementor-heading-title elementor-size-large\">Tiens-toi \u00e0 jour!<\/h2>\t\t\t\t<\/div>\n\t\t\t\t<\/div>\n\t\t\t\t<div class=\"elementor-element elementor-element-6dc6dc79 elementor-widget elementor-widget-spacer\" data-id=\"6dc6dc79\" data-element_type=\"widget\" data-e-type=\"widget\" data-widget_type=\"spacer.default\">\n\t\t\t\t<div class=\"elementor-widget-container\">\n\t\t\t\t\t\t\t<div class=\"elementor-spacer\">\n\t\t\t<div class=\"elementor-spacer-inner\"><\/div>\n\t\t<\/div>\n\t\t\t\t\t\t<\/div>\n\t\t\t\t<\/div>\n\t\t\t\t\t<\/div>\n\t\t<\/div>\n\t\t\t\t\t<\/div>\n\t\t<\/section>\n\t\t\t\t<section class=\"elementor-section elementor-top-section elementor-element elementor-element-2cf6750c elementor-section-boxed elementor-section-height-default elementor-section-height-default\" data-id=\"2cf6750c\" data-element_type=\"section\" data-e-type=\"section\">\n\t\t\t\t\t\t<div class=\"elementor-container elementor-column-gap-default\">\n\t\t\t\t\t<div class=\"elementor-column elementor-col-100 elementor-top-column elementor-element elementor-element-becb746\" data-id=\"becb746\" data-element_type=\"column\" data-e-type=\"column\">\n\t\t\t<div class=\"elementor-widget-wrap elementor-element-populated\">\n\t\t\t\t\t\t<div class=\"elementor-element elementor-element-7a0f8542 elementor-widget elementor-widget-spacer\" data-id=\"7a0f8542\" data-element_type=\"widget\" data-e-type=\"widget\" data-widget_type=\"spacer.default\">\n\t\t\t\t<div class=\"elementor-widget-container\">\n\t\t\t\t\t\t\t<div class=\"elementor-spacer\">\n\t\t\t<div class=\"elementor-spacer-inner\"><\/div>\n\t\t<\/div>\n\t\t\t\t\t\t<\/div>\n\t\t\t\t<\/div>\n\t\t\t\t<div class=\"elementor-element elementor-element-251612c5 elementor-widget elementor-widget-heading\" data-id=\"251612c5\" data-element_type=\"widget\" data-e-type=\"widget\" data-widget_type=\"heading.default\">\n\t\t\t\t<div class=\"elementor-widget-container\">\n\t\t\t\t\t<h2 class=\"elementor-heading-title elementor-size-default\">Archives des actualit\u00e9s MOPIA<\/h2>\t\t\t\t<\/div>\n\t\t\t\t<\/div>\n\t\t\t\t<div class=\"elementor-element elementor-element-6d4951df elementor-widget elementor-widget-spacer\" data-id=\"6d4951df\" data-element_type=\"widget\" data-e-type=\"widget\" data-widget_type=\"spacer.default\">\n\t\t\t\t<div class=\"elementor-widget-container\">\n\t\t\t\t\t\t\t<div class=\"elementor-spacer\">\n\t\t\t<div class=\"elementor-spacer-inner\"><\/div>\n\t\t<\/div>\n\t\t\t\t\t\t<\/div>\n\t\t\t\t<\/div>\n\t\t\t\t<div class=\"elementor-element elementor-element-724bb983 elementor-grid-3 elementor-grid-tablet-2 elementor-grid-mobile-1 elementor-posts--thumbnail-top elementor-posts--show-avatar elementor-card-shadow-yes elementor-posts__hover-gradient elementor-widget elementor-widget-posts\" data-id=\"724bb983\" data-element_type=\"widget\" data-e-type=\"widget\" data-settings=\"{&quot;cards_columns&quot;:&quot;3&quot;,&quot;cards_columns_tablet&quot;:&quot;2&quot;,&quot;cards_columns_mobile&quot;:&quot;1&quot;,&quot;cards_row_gap&quot;:{&quot;unit&quot;:&quot;px&quot;,&quot;size&quot;:35,&quot;sizes&quot;:[]},&quot;cards_row_gap_tablet&quot;:{&quot;unit&quot;:&quot;px&quot;,&quot;size&quot;:&quot;&quot;,&quot;sizes&quot;:[]},&quot;cards_row_gap_mobile&quot;:{&quot;unit&quot;:&quot;px&quot;,&quot;size&quot;:&quot;&quot;,&quot;sizes&quot;:[]}}\" data-widget_type=\"posts.cards\">\n\t\t\t\t<div class=\"elementor-widget-container\">\n\t\t\t\t\t\t\t<div class=\"elementor-posts-container elementor-posts elementor-posts--skin-cards elementor-grid\" role=\"list\">\n\t\t\t\t<article class=\"elementor-post elementor-grid-item post-16234 post type-post status-publish format-standard hentry category-uncategorized\" role=\"listitem\">\n\t\t\t<div class=\"elementor-post__card\">\n\t\t\t\t<div class=\"elementor-post__text\">\n\t\t\t\t<h3 class=\"elementor-post__title\">\n\t\t\t<a href=\"https:\/\/mopia.ca\/fr\/consultation-document-review-of-the-ozone-depleting-substances-and-halocarbon-alternatives-regulations\/\" >\n\t\t\t\tConsultation document: Review of the Ozone-depleting Substances and Halocarbon Alternatives Regulations\t\t\t<\/a>\n\t\t<\/h3>\n\t\t\t\t<div class=\"elementor-post__excerpt\">\n\t\t\t<p>Environment and Climate Change Canada (ECCC) is undertaking a review of the Ozone-depletingSubstances and Halocarbon Alternatives Regulations (the Regulations), following ECCC&#8217;s regulatory stockreview plan. To<\/p>\n\t\t<\/div>\n\t\t\n\t\t<a class=\"elementor-post__read-more\" href=\"https:\/\/mopia.ca\/fr\/consultation-document-review-of-the-ozone-depleting-substances-and-halocarbon-alternatives-regulations\/\" aria-label=\"Read more about Consultation document: Review of the Ozone-depleting Substances and Halocarbon Alternatives Regulations\" tabindex=\"-1\" >\n\t\t\tEn savoir plus\t\t<\/a>\n\n\t\t\t\t<\/div>\n\t\t\t\t<div class=\"elementor-post__meta-data\">\n\t\t\t\t\t<span class=\"elementor-post-date\">\n\t\t\tjuillet 5, 2024\t\t<\/span>\n\t\t\t\t<\/div>\n\t\t\t\t\t<\/div>\n\t\t<\/article>\n\t\t\t\t<article class=\"elementor-post elementor-grid-item post-16002 post type-post status-publish format-standard hentry category-uncategorized\" role=\"listitem\">\n\t\t\t<div class=\"elementor-post__card\">\n\t\t\t\t<div class=\"elementor-post__text\">\n\t\t\t\t<h3 class=\"elementor-post__title\">\n\t\t\t<a href=\"https:\/\/mopia.ca\/fr\/unchecked-climate-change-could-render-the-hudson-bay-polar-bears-extinct-by-2030s\/\" >\n\t\t\t\tUnchecked climate change could render the Hudson Bay polar bears extinct by 2030s\t\t\t<\/a>\n\t\t<\/h3>\n\t\t\t\t<div class=\"elementor-post__excerpt\">\n\t\t\t<p>The future of polar bears in northern Manitoba is in danger, if the temperatures continue to rise. They could go extinct as early as within<\/p>\n\t\t<\/div>\n\t\t\n\t\t<a class=\"elementor-post__read-more\" href=\"https:\/\/mopia.ca\/fr\/unchecked-climate-change-could-render-the-hudson-bay-polar-bears-extinct-by-2030s\/\" aria-label=\"Read more about Unchecked climate change could render the Hudson Bay polar bears extinct by 2030s\" tabindex=\"-1\" >\n\t\t\tEn savoir plus\t\t<\/a>\n\n\t\t\t\t<\/div>\n\t\t\t\t<div class=\"elementor-post__meta-data\">\n\t\t\t\t\t<span class=\"elementor-post-date\">\n\t\t\tjuin 14, 2024\t\t<\/span>\n\t\t\t\t<\/div>\n\t\t\t\t\t<\/div>\n\t\t<\/article>\n\t\t\t\t<article class=\"elementor-post elementor-grid-item post-15767 post type-post status-publish format-standard hentry category-uncategorized\" role=\"listitem\">\n\t\t\t<div class=\"elementor-post__card\">\n\t\t\t\t<div class=\"elementor-post__text\">\n\t\t\t\t<h3 class=\"elementor-post__title\">\n\t\t\t<a href=\"https:\/\/mopia.ca\/fr\/local-leadership-adaptation-initiative-offering-1-million-dollars-to-local-governments-for-extreme-weather-protection\/\" >\n\t\t\t\tLocal Leadership Adaptation Initiative Offering $1 Million Dollars to Local Governments for Extreme Weather Protection\t\t\t<\/a>\n\t\t<\/h3>\n\t\t\t\t<div class=\"elementor-post__excerpt\">\n\t\t\t<p>On June 3rd, The Canadian Press reported that the Local Leadership for Climate Adaptation Initiative will be offering up to $1 million to local governments<\/p>\n\t\t<\/div>\n\t\t\n\t\t<a class=\"elementor-post__read-more\" href=\"https:\/\/mopia.ca\/fr\/local-leadership-adaptation-initiative-offering-1-million-dollars-to-local-governments-for-extreme-weather-protection\/\" aria-label=\"Read more about Local Leadership Adaptation Initiative Offering $1 Million Dollars to Local Governments for Extreme Weather Protection\" tabindex=\"-1\" >\n\t\t\tEn savoir plus\t\t<\/a>\n\n\t\t\t\t<\/div>\n\t\t\t\t<div class=\"elementor-post__meta-data\">\n\t\t\t\t\t<span class=\"elementor-post-date\">\n\t\t\tjuin 5, 2024\t\t<\/span>\n\t\t\t\t<\/div>\n\t\t\t\t\t<\/div>\n\t\t<\/article>\n\t\t\t\t<article class=\"elementor-post elementor-grid-item post-14875 post type-post status-publish format-standard hentry category-uncategorized\" role=\"listitem\">\n\t\t\t<div class=\"elementor-post__card\">\n\t\t\t\t<div class=\"elementor-post__text\">\n\t\t\t\t<h3 class=\"elementor-post__title\">\n\t\t\t<a href=\"https:\/\/mopia.ca\/fr\/mopias-30th-agm\/\" >\n\t\t\t\tMOPIA&#8217;s 30th AGM!\t\t\t<\/a>\n\t\t<\/h3>\n\t\t\t\t<div class=\"elementor-post__excerpt\">\n\t\t\t<p>MOPIA&#8217;s 30th AGM will be held on April 22nd (Earth Day!) at the Cindy Klassen Rec Centre at 5:15 PM. All stakeholders are invited and<\/p>\n\t\t<\/div>\n\t\t\n\t\t<a class=\"elementor-post__read-more\" href=\"https:\/\/mopia.ca\/fr\/mopias-30th-agm\/\" aria-label=\"Read more about MOPIA&#8217;s 30th AGM!\" tabindex=\"-1\" >\n\t\t\tEn savoir plus\t\t<\/a>\n\n\t\t\t\t<\/div>\n\t\t\t\t<div class=\"elementor-post__meta-data\">\n\t\t\t\t\t<span class=\"elementor-post-date\">\n\t\t\tavril 3, 2024\t\t<\/span>\n\t\t\t\t<\/div>\n\t\t\t\t\t<\/div>\n\t\t<\/article>\n\t\t\t\t<article class=\"elementor-post elementor-grid-item post-14240 post type-post status-publish format-standard hentry category-uncategorized\" role=\"listitem\">\n\t\t\t<div class=\"elementor-post__card\">\n\t\t\t\t<div class=\"elementor-post__text\">\n\t\t\t\t<h3 class=\"elementor-post__title\">\n\t\t\t<a href=\"https:\/\/mopia.ca\/fr\/mopia-attends-mop-35-in-kenya\/\" >\n\t\t\t\tMOPIA Attends MOP 35 in Kenya\t\t\t<\/a>\n\t\t<\/h3>\n\t\t\t\t<div class=\"elementor-post__excerpt\">\n\t\t\t<p>MOPIA participated at the 35th Meeting of the Parties to the Montreal Protocol Meeting held in Nairobi, Kenya in late October. Some 27 decisions were<\/p>\n\t\t<\/div>\n\t\t\n\t\t<a class=\"elementor-post__read-more\" href=\"https:\/\/mopia.ca\/fr\/mopia-attends-mop-35-in-kenya\/\" aria-label=\"Read more about MOPIA Attends MOP 35 in Kenya\" tabindex=\"-1\" >\n\t\t\tEn savoir plus\t\t<\/a>\n\n\t\t\t\t<\/div>\n\t\t\t\t<div class=\"elementor-post__meta-data\">\n\t\t\t\t\t<span class=\"elementor-post-date\">\n\t\t\tnovembre 20, 2023\t\t<\/span>\n\t\t\t\t<\/div>\n\t\t\t\t\t<\/div>\n\t\t<\/article>\n\t\t\t\t<article class=\"elementor-post elementor-grid-item post-13581 post type-post status-publish format-standard hentry category-uncategorized\" role=\"listitem\">\n\t\t\t<div class=\"elementor-post__card\">\n\t\t\t\t<div class=\"elementor-post__text\">\n\t\t\t\t<h3 class=\"elementor-post__title\">\n\t\t\t<a href=\"https:\/\/mopia.ca\/fr\/sustainable-food-cold-chains\/\" >\n\t\t\t\tSustainable Food Cold Chains\t\t\t<\/a>\n\t\t<\/h3>\n\t\t\t\t<div class=\"elementor-post__excerpt\">\n\t\t\t<p>Enough food is available annually for everyone on the planet, yet millions of people are starving all around the world. A lot of this can<\/p>\n\t\t<\/div>\n\t\t\n\t\t<a class=\"elementor-post__read-more\" href=\"https:\/\/mopia.ca\/fr\/sustainable-food-cold-chains\/\" aria-label=\"Read more about Sustainable Food Cold Chains\" tabindex=\"-1\" >\n\t\t\tEn savoir plus\t\t<\/a>\n\n\t\t\t\t<\/div>\n\t\t\t\t<div class=\"elementor-post__meta-data\">\n\t\t\t\t\t<span class=\"elementor-post-date\">\n\t\t\tjuin 29, 2023\t\t<\/span>\n\t\t\t\t<\/div>\n\t\t\t\t\t<\/div>\n\t\t<\/article>\n\t\t\t\t<article class=\"elementor-post elementor-grid-item post-12858 post type-post status-publish format-standard hentry category-uncategorized\" role=\"listitem\">\n\t\t\t<div class=\"elementor-post__card\">\n\t\t\t\t<div class=\"elementor-post__text\">\n\t\t\t\t<h3 class=\"elementor-post__title\">\n\t\t\t<a href=\"https:\/\/mopia.ca\/fr\/new-research-suggests-that-very-short-lived-substances-responsible-for-25-of-the-ozone-depletion-above-the-tropics\/\" >\n\t\t\t\tNew research suggests that very short-lived substances responsible for 25% of the ozone depletion above the tropics\t\t\t<\/a>\n\t\t<\/h3>\n\t\t\t\t<div class=\"elementor-post__excerpt\">\n\t\t\t<p>In the 1980\u2019s researchers began to have a much greater understanding of the negative effects of everyday substances humans use and how they negatively affected<\/p>\n\t\t<\/div>\n\t\t\n\t\t<a class=\"elementor-post__read-more\" href=\"https:\/\/mopia.ca\/fr\/new-research-suggests-that-very-short-lived-substances-responsible-for-25-of-the-ozone-depletion-above-the-tropics\/\" aria-label=\"Read more about New research suggests that very short-lived substances responsible for 25% of the ozone depletion above the tropics\" tabindex=\"-1\" >\n\t\t\tEn savoir plus\t\t<\/a>\n\n\t\t\t\t<\/div>\n\t\t\t\t<div class=\"elementor-post__meta-data\">\n\t\t\t\t\t<span class=\"elementor-post-date\">\n\t\t\tmai 29, 2023\t\t<\/span>\n\t\t\t\t<\/div>\n\t\t\t\t\t<\/div>\n\t\t<\/article>\n\t\t\t\t<article class=\"elementor-post elementor-grid-item post-12729 post type-post status-publish format-standard hentry category-uncategorized\" role=\"listitem\">\n\t\t\t<div class=\"elementor-post__card\">\n\t\t\t\t<div class=\"elementor-post__text\">\n\t\t\t\t<h3 class=\"elementor-post__title\">\n\t\t\t<a href=\"https:\/\/mopia.ca\/fr\/canada-water-act-overhaul\/\" >\n\t\t\t\tCanada Water Act Overhaul\t\t\t<\/a>\n\t\t<\/h3>\n\t\t\t\t<div class=\"elementor-post__excerpt\">\n\t\t\t<p>Ottawa has pledged millions of dollars towards overhauling the Canada Water Act to establish a national freshwater protection agency. For more information, please visit<\/p>\n\t\t<\/div>\n\t\t\n\t\t<a class=\"elementor-post__read-more\" href=\"https:\/\/mopia.ca\/fr\/canada-water-act-overhaul\/\" aria-label=\"Read more about Canada Water Act Overhaul\" tabindex=\"-1\" >\n\t\t\tEn savoir plus\t\t<\/a>\n\n\t\t\t\t<\/div>\n\t\t\t\t<div class=\"elementor-post__meta-data\">\n\t\t\t\t\t<span class=\"elementor-post-date\">\n\t\t\tmai 25, 2023\t\t<\/span>\n\t\t\t\t<\/div>\n\t\t\t\t\t<\/div>\n\t\t<\/article>\n\t\t\t\t<article class=\"elementor-post elementor-grid-item post-12654 post type-post status-publish format-standard hentry category-uncategorized\" role=\"listitem\">\n\t\t\t<div class=\"elementor-post__card\">\n\t\t\t\t<div class=\"elementor-post__text\">\n\t\t\t\t<h3 class=\"elementor-post__title\">\n\t\t\t<a href=\"https:\/\/mopia.ca\/fr\/montreal-protocol-2022-assessment-report\/\" >\n\t\t\t\tMontreal Protocol 2022 Assessment Report\t\t\t<\/a>\n\t\t<\/h3>\n\t\t\t\t<div class=\"elementor-post__excerpt\">\n\t\t\t<p>The Technology and Economic Assessment Panel 2022 Assessment Report has now been published. This publication includes information on technical progress in the production and consumption<\/p>\n\t\t<\/div>\n\t\t\n\t\t<a class=\"elementor-post__read-more\" href=\"https:\/\/mopia.ca\/fr\/montreal-protocol-2022-assessment-report\/\" aria-label=\"Read more about Montreal Protocol 2022 Assessment Report\" tabindex=\"-1\" >\n\t\t\tEn savoir plus\t\t<\/a>\n\n\t\t\t\t<\/div>\n\t\t\t\t<div class=\"elementor-post__meta-data\">\n\t\t\t\t\t<span class=\"elementor-post-date\">\n\t\t\tmai 24, 2023\t\t<\/span>\n\t\t\t\t<\/div>\n\t\t\t\t\t<\/div>\n\t\t<\/article>\n\t\t\t\t<article class=\"elementor-post elementor-grid-item post-12482 post type-post status-publish format-standard hentry category-uncategorized\" role=\"listitem\">\n\t\t\t<div class=\"elementor-post__card\">\n\t\t\t\t<div class=\"elementor-post__text\">\n\t\t\t\t<h3 class=\"elementor-post__title\">\n\t\t\t<a href=\"https:\/\/mopia.ca\/fr\/mopias-2023-outreach-sessions-underway\/\" >\n\t\t\t\tMOPIA&#8217;s 2023 outreach sessions underway\t\t\t<\/a>\n\t\t<\/h3>\n\t\t\t\t<div class=\"elementor-post__excerpt\">\n\t\t\t<p>MOPIA&#8217;s is starting our 2023 Program Awareness Sessions. These session include information on regulatory and industry updates, proposed regulation and climate change information and enforcement<\/p>\n\t\t<\/div>\n\t\t\n\t\t<a class=\"elementor-post__read-more\" href=\"https:\/\/mopia.ca\/fr\/mopias-2023-outreach-sessions-underway\/\" aria-label=\"Read more about MOPIA&#8217;s 2023 outreach sessions underway\" tabindex=\"-1\" >\n\t\t\tEn savoir plus\t\t<\/a>\n\n\t\t\t\t<\/div>\n\t\t\t\t<div class=\"elementor-post__meta-data\">\n\t\t\t\t\t<span class=\"elementor-post-date\">\n\t\t\tmai 23, 2023\t\t<\/span>\n\t\t\t\t<\/div>\n\t\t\t\t\t<\/div>\n\t\t<\/article>\n\t\t\t\t<article class=\"elementor-post elementor-grid-item post-12224 post type-post status-publish format-standard hentry category-uncategorized\" role=\"listitem\">\n\t\t\t<div class=\"elementor-post__card\">\n\t\t\t\t<div class=\"elementor-post__text\">\n\t\t\t\t<h3 class=\"elementor-post__title\">\n\t\t\t<a href=\"https:\/\/mopia.ca\/fr\/mopias-29th-agm\/\" >\n\t\t\t\tMOPIA&#8217;s 29th AGM\t\t\t<\/a>\n\t\t<\/h3>\n\t\t\t\t<div class=\"elementor-post__excerpt\">\n\t\t\t<p>MOPIA&#8217;s 29th AGM will be held on April 26th at 5:30 PM. If you are interested in becoming a voting member or even nominated as<\/p>\n\t\t<\/div>\n\t\t\n\t\t<a class=\"elementor-post__read-more\" href=\"https:\/\/mopia.ca\/fr\/mopias-29th-agm\/\" aria-label=\"Read more about MOPIA&#8217;s 29th AGM\" tabindex=\"-1\" >\n\t\t\tEn savoir plus\t\t<\/a>\n\n\t\t\t\t<\/div>\n\t\t\t\t<div class=\"elementor-post__meta-data\">\n\t\t\t\t\t<span class=\"elementor-post-date\">\n\t\t\tavril 12, 2023\t\t<\/span>\n\t\t\t\t<\/div>\n\t\t\t\t\t<\/div>\n\t\t<\/article>\n\t\t\t\t<article class=\"elementor-post elementor-grid-item post-11764 post type-post status-publish format-standard hentry category-uncategorized\" role=\"listitem\">\n\t\t\t<div class=\"elementor-post__card\">\n\t\t\t\t<div class=\"elementor-post__text\">\n\t\t\t\t<h3 class=\"elementor-post__title\">\n\t\t\t<a href=\"https:\/\/mopia.ca\/fr\/2022-scientific-assessment-of-ozone-depletion\/\" >\n\t\t\t\t2022 Scientific Assessment of Ozone Depletion\t\t\t<\/a>\n\t\t<\/h3>\n\t\t\t\t<div class=\"elementor-post__excerpt\">\n\t\t\t<p>The National Oceanic and Atmospheric Administration (NOAA) recently published its latest scientific assessment on ozone depletion. This Executive Summary, was created by hundreds of world-renowned<\/p>\n\t\t<\/div>\n\t\t\n\t\t<a class=\"elementor-post__read-more\" href=\"https:\/\/mopia.ca\/fr\/2022-scientific-assessment-of-ozone-depletion\/\" aria-label=\"Read more about 2022 Scientific Assessment of Ozone Depletion\" tabindex=\"-1\" >\n\t\t\tEn savoir plus\t\t<\/a>\n\n\t\t\t\t<\/div>\n\t\t\t\t<div class=\"elementor-post__meta-data\">\n\t\t\t\t\t<span class=\"elementor-post-date\">\n\t\t\tnovembre 24, 2022\t\t<\/span>\n\t\t\t\t<\/div>\n\t\t\t\t\t<\/div>\n\t\t<\/article>\n\t\t\t\t<article class=\"elementor-post elementor-grid-item post-11043 post type-post status-publish format-standard hentry category-uncategorized\" role=\"listitem\">\n\t\t\t<div class=\"elementor-post__card\">\n\t\t\t\t<div class=\"elementor-post__text\">\n\t\t\t\t<h3 class=\"elementor-post__title\">\n\t\t\t<a href=\"https:\/\/mopia.ca\/fr\/mopia-welcomes-new-staff\/\" >\n\t\t\t\tMOPIA Acceuille un nouveau membre!\t\t\t<\/a>\n\t\t<\/h3>\n\t\t\t\t<div class=\"elementor-post__excerpt\">\n\t\t\t<p>Nous sommes ravis d'accueillir un nouveau membre dans l'\u00e9quipe MOPIA! Alex Grislis est une \u00e9tudiante en sciences de l'environnement \u00e0 l'Universit\u00e9 du Manitoba qui est passionn\u00e9 pour la conservation et la protection de la faune.<\/p>\n\t\t<\/div>\n\t\t\n\t\t<a class=\"elementor-post__read-more\" href=\"https:\/\/mopia.ca\/fr\/mopia-welcomes-new-staff\/\" aria-label=\"Read more about MOPIA Welcomes New Staff!\" tabindex=\"-1\" >\n\t\t\tEn savoir plus\t\t<\/a>\n\n\t\t\t\t<\/div>\n\t\t\t\t<div class=\"elementor-post__meta-data\">\n\t\t\t\t\t<span class=\"elementor-post-date\">\n\t\t\t7 juin, 2022\t\t<\/span>\n\t\t\t\t<\/div>\n\t\t\t\t\t<\/div>\n\t\t<\/article>\n\t\t\t\t<article class=\"elementor-post elementor-grid-item post-11040 post type-post status-publish format-standard hentry category-uncategorized\" role=\"listitem\">\n\t\t\t<div class=\"elementor-post__card\">\n\t\t\t\t<div class=\"elementor-post__text\">\n\t\t\t\t<h3 class=\"elementor-post__title\">\n\t\t\t<a href=\"https:\/\/mopia.ca\/fr\/latest-ippc-report\/\" >\n\t\t\t\tRapport r\u00e9cent du GIEC\t\t\t<\/a>\n\t\t<\/h3>\n\t\t\t\t<div class=\"elementor-post__excerpt\">\n\t\t\t<p>Le Groupe d\u2019experts intergouvernemental sur l\u2019\u00e9volution du climat (GIEC) a r\u00e9cemment publier leur rapport du changement climatique le plus r\u00e9cent. Le GIEC \u00e9tais cr\u00e9e par l'Organisation des Nations Unies et<\/p>\n\t\t<\/div>\n\t\t\n\t\t<a class=\"elementor-post__read-more\" href=\"https:\/\/mopia.ca\/fr\/latest-ippc-report\/\" aria-label=\"Read more about Latest IPPC Report\" tabindex=\"-1\" >\n\t\t\tEn savoir plus\t\t<\/a>\n\n\t\t\t\t<\/div>\n\t\t\t\t<div class=\"elementor-post__meta-data\">\n\t\t\t\t\t<span class=\"elementor-post-date\">\n\t\t\t7 juin, 2022\t\t<\/span>\n\t\t\t\t<\/div>\n\t\t\t\t\t<\/div>\n\t\t<\/article>\n\t\t\t\t<article class=\"elementor-post elementor-grid-item post-11021 post type-post status-publish format-standard hentry category-uncategorized\" role=\"listitem\">\n\t\t\t<div class=\"elementor-post__card\">\n\t\t\t\t<div class=\"elementor-post__text\">\n\t\t\t\t<h3 class=\"elementor-post__title\">\n\t\t\t<a href=\"https:\/\/mopia.ca\/fr\/upcoming-awareness-sessions\/\" >\n\t\t\t\tS\u00e9ances de sensibilisation \u00e0 venir\t\t\t<\/a>\n\t\t<\/h3>\n\t\t\t\t<div class=\"elementor-post__excerpt\">\n\t\t\t<p>Pr\u00e9voyez d'assister \u00e0 l'une des sessions de sensibilisation de MOPIA. Ces s\u00e9ances comprennent des mises \u00e0 jour sur la r\u00e9glementation et l'industrie, les modifications propos\u00e9es \u00e0 la r\u00e9glementation, les derni\u00e8res informations sur le changement climatique et le dialogue sur l'application des<\/p>\n\t\t<\/div>\n\t\t\n\t\t<a class=\"elementor-post__read-more\" href=\"https:\/\/mopia.ca\/fr\/upcoming-awareness-sessions\/\" aria-label=\"Read more about Upcoming Awareness Sessions\" tabindex=\"-1\" >\n\t\t\tEn savoir plus\t\t<\/a>\n\n\t\t\t\t<\/div>\n\t\t\t\t<div class=\"elementor-post__meta-data\">\n\t\t\t\t\t<span class=\"elementor-post-date\">\n\t\t\t6 juin, 2022\t\t<\/span>\n\t\t\t\t<\/div>\n\t\t\t\t\t<\/div>\n\t\t<\/article>\n\t\t\t\t<article class=\"elementor-post elementor-grid-item post-10440 post type-post status-publish format-standard hentry category-uncategorized\" role=\"listitem\">\n\t\t\t<div class=\"elementor-post__card\">\n\t\t\t\t<div class=\"elementor-post__text\">\n\t\t\t\t<h3 class=\"elementor-post__title\">\n\t\t\t<a href=\"https:\/\/mopia.ca\/fr\/mopias-28th-agm\/\" >\n\t\t\t\tMOPIA&#8217;s 28th AGM\t\t\t<\/a>\n\t\t<\/h3>\n\t\t\t\t<div class=\"elementor-post__excerpt\">\n\t\t\t<p>MOPIA&#8217;s 28th AGM is taking place on April 22nd at 12 p.m. We encourage all stakeholders to join us tomorrow virtually using the link below.<\/p>\n\t\t<\/div>\n\t\t\n\t\t<a class=\"elementor-post__read-more\" href=\"https:\/\/mopia.ca\/fr\/mopias-28th-agm\/\" aria-label=\"Read more about MOPIA&#8217;s 28th AGM\" tabindex=\"-1\" >\n\t\t\tEn savoir plus\t\t<\/a>\n\n\t\t\t\t<\/div>\n\t\t\t\t<div class=\"elementor-post__meta-data\">\n\t\t\t\t\t<span class=\"elementor-post-date\">\n\t\t\t21 avril, 2022\t\t<\/span>\n\t\t\t\t<\/div>\n\t\t\t\t\t<\/div>\n\t\t<\/article>\n\t\t\t\t<article class=\"elementor-post elementor-grid-item post-10301 post type-post status-publish format-standard hentry category-uncategorized\" role=\"listitem\">\n\t\t\t<div class=\"elementor-post__card\">\n\t\t\t\t<div class=\"elementor-post__text\">\n\t\t\t\t<h3 class=\"elementor-post__title\">\n\t\t\t<a href=\"https:\/\/mopia.ca\/fr\/real-alternatives-webinar\/\" >\n\t\t\t\tREAL Alternatives Webinar\t\t\t<\/a>\n\t\t<\/h3>\n\t\t\t\t<div class=\"elementor-post__excerpt\">\n\t\t\t<p>REAL Alternatives &#8211; Refrigerant Emissions Alternatives and Leakage \u2013 blended learning for low GWP refrigerants Free webinar | Wednesday, March 2nd | 10 am &#8211;<\/p>\n\t\t<\/div>\n\t\t\n\t\t<a class=\"elementor-post__read-more\" href=\"https:\/\/mopia.ca\/fr\/real-alternatives-webinar\/\" aria-label=\"Read more about REAL Alternatives Webinar\" tabindex=\"-1\" >\n\t\t\tEn savoir plus\t\t<\/a>\n\n\t\t\t\t<\/div>\n\t\t\t\t<div class=\"elementor-post__meta-data\">\n\t\t\t\t\t<span class=\"elementor-post-date\">\n\t\t\t1 mars, 2022\t\t<\/span>\n\t\t\t\t<\/div>\n\t\t\t\t\t<\/div>\n\t\t<\/article>\n\t\t\t\t<article class=\"elementor-post elementor-grid-item post-10116 post type-post status-publish format-standard hentry category-uncategorized\" role=\"listitem\">\n\t\t\t<div class=\"elementor-post__card\">\n\t\t\t\t<div class=\"elementor-post__text\">\n\t\t\t\t<h3 class=\"elementor-post__title\">\n\t\t\t<a href=\"https:\/\/mopia.ca\/fr\/2022-sd-permit-renewals\/\" >\n\t\t\t\t2022 SD Permit Renewals\t\t\t<\/a>\n\t\t<\/h3>\n\t\t\t\t<div class=\"elementor-post__excerpt\">\n\t\t\t<p>2022 Company Secondary Distributors Permit renewals were sent out at the beginning of the month. SD Permits can be renewed online at mopia.ca, by phone<\/p>\n\t\t<\/div>\n\t\t\n\t\t<a class=\"elementor-post__read-more\" href=\"https:\/\/mopia.ca\/fr\/2022-sd-permit-renewals\/\" aria-label=\"Read more about 2022 SD Permit Renewals\" tabindex=\"-1\" >\n\t\t\tEn savoir plus\t\t<\/a>\n\n\t\t\t\t<\/div>\n\t\t\t\t<div class=\"elementor-post__meta-data\">\n\t\t\t\t\t<span class=\"elementor-post-date\">\n\t\t\t31 d\u00e9cembre, 2021\t\t<\/span>\n\t\t\t\t<\/div>\n\t\t\t\t\t<\/div>\n\t\t<\/article>\n\t\t\t\t<article class=\"elementor-post elementor-grid-item post-10004 post type-post status-publish format-standard hentry category-uncategorized\" role=\"listitem\">\n\t\t\t<div class=\"elementor-post__card\">\n\t\t\t\t<div class=\"elementor-post__text\">\n\t\t\t\t<h3 class=\"elementor-post__title\">\n\t\t\t<a href=\"https:\/\/mopia.ca\/fr\/mopia-presents-at-2021-marr-forum\/\" >\n\t\t\t\tMOPIA pr\u00e9sente \u00e0 la conf\u00e9rence MARR 2021!\t\t\t<\/a>\n\t\t<\/h3>\n\t\t\t\t<div class=\"elementor-post__excerpt\">\n\t\t\t<p>This past Wednesday, MOPIA was invited to present at the 2021 Manitoba Association of Regional Recyclers (MARR) Manitoba Community Recycling &amp; Waste Reduction Forum, on<\/p>\n\t\t<\/div>\n\t\t\n\t\t<a class=\"elementor-post__read-more\" href=\"https:\/\/mopia.ca\/fr\/mopia-presents-at-2021-marr-forum\/\" aria-label=\"Read more about MOPIA presents at 2021 MARR Forum!\" tabindex=\"-1\" >\n\t\t\tEn savoir plus\t\t<\/a>\n\n\t\t\t\t<\/div>\n\t\t\t\t<div class=\"elementor-post__meta-data\">\n\t\t\t\t\t<span class=\"elementor-post-date\">\n\t\t\t4 novembre, 2021\t\t<\/span>\n\t\t\t\t<\/div>\n\t\t\t\t\t<\/div>\n\t\t<\/article>\n\t\t\t\t<article class=\"elementor-post elementor-grid-item post-9979 post type-post status-publish format-standard hentry category-uncategorized\" role=\"listitem\">\n\t\t\t<div class=\"elementor-post__card\">\n\t\t\t\t<div class=\"elementor-post__text\">\n\t\t\t\t<h3 class=\"elementor-post__title\">\n\t\t\t<a href=\"https:\/\/mopia.ca\/fr\/mopias-27th-agm-november-17th\/\" >\n\t\t\t\tMOPIA&#8217;s 27th AGM &#8211; November 17th\t\t\t<\/a>\n\t\t<\/h3>\n\t\t\t\t<div class=\"elementor-post__excerpt\">\n\t\t\t<p>Notice is hereby given, that the 27th Annual General Meeting (AGM) of MOPIA will be held in Winnipeg, Manitoba, Canada on Wednesday, 17th November 2021<\/p>\n\t\t<\/div>\n\t\t\n\t\t<a class=\"elementor-post__read-more\" href=\"https:\/\/mopia.ca\/fr\/mopias-27th-agm-november-17th\/\" aria-label=\"Read more about MOPIA&#8217;s 27th AGM &#8211; November 17th\" tabindex=\"-1\" >\n\t\t\tEn savoir plus\t\t<\/a>\n\n\t\t\t\t<\/div>\n\t\t\t\t<div class=\"elementor-post__meta-data\">\n\t\t\t\t\t<span class=\"elementor-post-date\">\n\t\t\t25 octobre, 2021\t\t<\/span>\n\t\t\t\t<\/div>\n\t\t\t\t\t<\/div>\n\t\t<\/article>\n\t\t\t\t<article class=\"elementor-post elementor-grid-item post-9972 post type-post status-publish format-standard hentry category-uncategorized\" role=\"listitem\">\n\t\t\t<div class=\"elementor-post__card\">\n\t\t\t\t<div class=\"elementor-post__text\">\n\t\t\t\t<h3 class=\"elementor-post__title\">\n\t\t\t<a href=\"https:\/\/mopia.ca\/fr\/noaa-climate-anomalies-september-2021\/\" >\n\t\t\t\tNOAA Climate Anomalies September 2021\t\t\t<\/a>\n\t\t<\/h3>\n\t\t\t\t<div class=\"elementor-post__excerpt\">\n\t\t\t<p>Temperature The global surface temperature for September 2021 was 0.90\u00b0C (1.62\u00b0F) above the 20th century average of 15.0\u00b0C (59.0\u00b0F) and was the fifth-highest September temperature<\/p>\n\t\t<\/div>\n\t\t\n\t\t<a class=\"elementor-post__read-more\" href=\"https:\/\/mopia.ca\/fr\/noaa-climate-anomalies-september-2021\/\" aria-label=\"Read more about NOAA Climate Anomalies September 2021\" tabindex=\"-1\" >\n\t\t\tEn savoir plus\t\t<\/a>\n\n\t\t\t\t<\/div>\n\t\t\t\t<div class=\"elementor-post__meta-data\">\n\t\t\t\t\t<span class=\"elementor-post-date\">\n\t\t\t25 octobre, 2021\t\t<\/span>\n\t\t\t\t<\/div>\n\t\t\t\t\t<\/div>\n\t\t<\/article>\n\t\t\t\t<article class=\"elementor-post elementor-grid-item post-9943 post type-post status-publish format-standard hentry category-uncategorized\" role=\"listitem\">\n\t\t\t<div class=\"elementor-post__card\">\n\t\t\t\t<div class=\"elementor-post__text\">\n\t\t\t\t<h3 class=\"elementor-post__title\">\n\t\t\t<a href=\"https:\/\/mopia.ca\/fr\/beatplasticpollution-in-rio-de-janeiro\/\" >\n\t\t\t\t#BeatPlasticPollution in Rio de Janeiro\t\t\t<\/a>\n\t\t<\/h3>\n\t\t\t\t<div class=\"elementor-post__excerpt\">\n\t\t\t<p>Rio de Janeiro\u2019s Christ the Redeemer was recently illuminated in blue to welcome the arrival of #VoiceOfTheOceans expedition in the city, calling attention to the<\/p>\n\t\t<\/div>\n\t\t\n\t\t<a class=\"elementor-post__read-more\" href=\"https:\/\/mopia.ca\/fr\/beatplasticpollution-in-rio-de-janeiro\/\" aria-label=\"Read more about #BeatPlasticPollution in Rio de Janeiro\" tabindex=\"-1\" >\n\t\t\tEn savoir plus\t\t<\/a>\n\n\t\t\t\t<\/div>\n\t\t\t\t<div class=\"elementor-post__meta-data\">\n\t\t\t\t\t<span class=\"elementor-post-date\">\n\t\t\t18 octobre, 2021\t\t<\/span>\n\t\t\t\t<\/div>\n\t\t\t\t\t<\/div>\n\t\t<\/article>\n\t\t\t\t<article class=\"elementor-post elementor-grid-item post-9758 post type-post status-publish format-standard hentry category-uncategorized\" role=\"listitem\">\n\t\t\t<div class=\"elementor-post__card\">\n\t\t\t\t<div class=\"elementor-post__text\">\n\t\t\t\t<h3 class=\"elementor-post__title\">\n\t\t\t<a href=\"https:\/\/mopia.ca\/fr\/noaa-climate-anomalies-july-2021\/\" >\n\t\t\t\tAnomalies climatiques de la NOAA juillet 2021\t\t\t<\/a>\n\t\t<\/h3>\n\t\t\t\t<div class=\"elementor-post__excerpt\">\n\t\t\t<p>Temp\u00e9rature Le mois de juillet a \u00e9t\u00e9 caract\u00e9ris\u00e9 par des temp\u00e9ratures plus \u00e9lev\u00e9es que la moyenne sur une grande partie du globe. Des temp\u00e9ratures beaucoup plus \u00e9lev\u00e9es que la moyenne ont \u00e9t\u00e9 observ\u00e9es dans certaines parties de l&#039;Am\u00e9rique du Nord,<\/p>\n\t\t<\/div>\n\t\t\n\t\t<a class=\"elementor-post__read-more\" href=\"https:\/\/mopia.ca\/fr\/noaa-climate-anomalies-july-2021\/\" aria-label=\"Read more about NOAA Climate Anomalies July 2021\" tabindex=\"-1\" >\n\t\t\tEn savoir plus\t\t<\/a>\n\n\t\t\t\t<\/div>\n\t\t\t\t<div class=\"elementor-post__meta-data\">\n\t\t\t\t\t<span class=\"elementor-post-date\">\n\t\t\t20 ao\u00fbt 2021\t\t<\/span>\n\t\t\t\t<\/div>\n\t\t\t\t\t<\/div>\n\t\t<\/article>\n\t\t\t\t<article class=\"elementor-post elementor-grid-item post-9708 post type-post status-publish format-standard hentry category-uncategorized\" role=\"listitem\">\n\t\t\t<div class=\"elementor-post__card\">\n\t\t\t\t<div class=\"elementor-post__text\">\n\t\t\t\t<h3 class=\"elementor-post__title\">\n\t\t\t<a href=\"https:\/\/mopia.ca\/fr\/uvb-radiation-an-abstract\/\" >\n\t\t\t\tRayonnement UVB : un r\u00e9sum\u00e9\t\t\t<\/a>\n\t\t<\/h3>\n\t\t\t\t<div class=\"elementor-post__excerpt\">\n\t\t\t<p>La couche d&#039;ozone, constitu\u00e9e de particules d&#039;ozone, est la fronti\u00e8re protectrice qui emp\u00eache les rayons UVB nocifs d&#039;endommager la vie sur terre. Cependant, les substances appauvrissant la couche d&#039;ozone<\/p>\n\t\t<\/div>\n\t\t\n\t\t<a class=\"elementor-post__read-more\" href=\"https:\/\/mopia.ca\/fr\/uvb-radiation-an-abstract\/\" aria-label=\"Read more about UVB Radiation: An Abstract\" tabindex=\"-1\" >\n\t\t\tEn savoir plus\t\t<\/a>\n\n\t\t\t\t<\/div>\n\t\t\t\t<div class=\"elementor-post__meta-data\">\n\t\t\t\t\t<span class=\"elementor-post-date\">\n\t\t\t16 ao\u00fbt 2021\t\t<\/span>\n\t\t\t\t<\/div>\n\t\t\t\t\t<\/div>\n\t\t<\/article>\n\t\t\t\t<article class=\"elementor-post elementor-grid-item post-9704 post type-post status-publish format-standard hentry category-uncategorized\" role=\"listitem\">\n\t\t\t<div class=\"elementor-post__card\">\n\t\t\t\t<div class=\"elementor-post__text\">\n\t\t\t\t<h3 class=\"elementor-post__title\">\n\t\t\t<a href=\"https:\/\/mopia.ca\/fr\/ipcc-climate-change-2021-report-released\/\" >\n\t\t\t\tGIEC | Publication du rapport sur le changement climatique 2021\t\t\t<\/a>\n\t\t<\/h3>\n\t\t\t\t<div class=\"elementor-post__excerpt\">\n\t\t\t<p>Le Groupe d&#039;experts intergouvernemental sur l&#039;\u00e9volution du climat (GIEC) a r\u00e9cemment publi\u00e9 son dernier rapport sur le changement climatique. Le GIEC a \u00e9t\u00e9 cr\u00e9\u00e9 par les Nations Unies et le monde<\/p>\n\t\t<\/div>\n\t\t\n\t\t<a class=\"elementor-post__read-more\" href=\"https:\/\/mopia.ca\/fr\/ipcc-climate-change-2021-report-released\/\" aria-label=\"Read more about IPCC | Climate Change 2021 Report Released\" tabindex=\"-1\" >\n\t\t\tEn savoir plus\t\t<\/a>\n\n\t\t\t\t<\/div>\n\t\t\t\t<div class=\"elementor-post__meta-data\">\n\t\t\t\t\t<span class=\"elementor-post-date\">\n\t\t\t16 ao\u00fbt 2021\t\t<\/span>\n\t\t\t\t<\/div>\n\t\t\t\t\t<\/div>\n\t\t<\/article>\n\t\t\t\t<article class=\"elementor-post elementor-grid-item post-9340 post type-post status-publish format-standard hentry category-uncategorized\" role=\"listitem\">\n\t\t\t<div class=\"elementor-post__card\">\n\t\t\t\t<div class=\"elementor-post__text\">\n\t\t\t\t<h3 class=\"elementor-post__title\">\n\t\t\t<a href=\"https:\/\/mopia.ca\/fr\/june-ends-with-exceptional-heat\/\" >\n\t\t\t\tLe mois de juin se termine par une chaleur exceptionnelle !\t\t\t<\/a>\n\t\t<\/h3>\n\t\t\t\t<div class=\"elementor-post__excerpt\">\n\t\t\t<p>Le mois de juin se termine par une canicule exceptionnelle ! Au Canada et partout dans le monde, des temp\u00e9ratures record s&#039;envolent, entra\u00eenant des impacts majeurs. Lire la suite<\/p>\n\t\t<\/div>\n\t\t\n\t\t<a class=\"elementor-post__read-more\" href=\"https:\/\/mopia.ca\/fr\/june-ends-with-exceptional-heat\/\" aria-label=\"Read more about June ends with exceptional heat!\" tabindex=\"-1\" >\n\t\t\tEn savoir plus\t\t<\/a>\n\n\t\t\t\t<\/div>\n\t\t\t\t<div class=\"elementor-post__meta-data\">\n\t\t\t\t\t<span class=\"elementor-post-date\">\n\t\t\t30 juin 2021\t\t<\/span>\n\t\t\t\t<\/div>\n\t\t\t\t\t<\/div>\n\t\t<\/article>\n\t\t\t\t<article class=\"elementor-post elementor-grid-item post-9308 post type-post status-publish format-standard hentry category-uncategorized\" role=\"listitem\">\n\t\t\t<div class=\"elementor-post__card\">\n\t\t\t\t<div class=\"elementor-post__text\">\n\t\t\t\t<h3 class=\"elementor-post__title\">\n\t\t\t<a href=\"https:\/\/mopia.ca\/fr\/world-refrigeration-day-june-26\/\" >\n\t\t\t\tJourn\u00e9e mondiale du froid \u2013 26 juin\t\t\t<\/a>\n\t\t<\/h3>\n\t\t\t\t<div class=\"elementor-post__excerpt\">\n\t\t\t<p>C&#039;est la journ\u00e9e mondiale du froid demain ! Consultez les divers \u00e9v\u00e9nements et webinaires concernant la r\u00e9frig\u00e9ration sur : https:\/\/worldrefrigerationday.org\/events\/ \u00ab La Journ\u00e9e mondiale de la r\u00e9frig\u00e9ration est une campagne de sensibilisation internationale centr\u00e9e<\/p>\n\t\t<\/div>\n\t\t\n\t\t<a class=\"elementor-post__read-more\" href=\"https:\/\/mopia.ca\/fr\/world-refrigeration-day-june-26\/\" aria-label=\"Read more about World Refrigeration Day &#8211; June 26\" tabindex=\"-1\" >\n\t\t\tEn savoir plus\t\t<\/a>\n\n\t\t\t\t<\/div>\n\t\t\t\t<div class=\"elementor-post__meta-data\">\n\t\t\t\t\t<span class=\"elementor-post-date\">\n\t\t\t25 juin 2021\t\t<\/span>\n\t\t\t\t<\/div>\n\t\t\t\t\t<\/div>\n\t\t<\/article>\n\t\t\t\t<article class=\"elementor-post elementor-grid-item post-9162 post type-post status-publish format-standard hentry category-uncategorized\" role=\"listitem\">\n\t\t\t<div class=\"elementor-post__card\">\n\t\t\t\t<div class=\"elementor-post__text\">\n\t\t\t\t<h3 class=\"elementor-post__title\">\n\t\t\t<a href=\"https:\/\/mopia.ca\/fr\/mopia-presents-for-undp-webinar\/\" >\n\t\t\t\tMOPIA pr\u00e9sente pour le webinaire du PNUD\t\t\t<\/a>\n\t\t<\/h3>\n\t\t\t\t<div class=\"elementor-post__excerpt\">\n\t\t\t<p>Ce matin, MOPIA a pr\u00e9sent\u00e9 dans la s\u00e9rie de webinaires du PNUD, &quot;Closing the Loop: Environmentally Sound Management of End-Of-Life ODS and HFC&quot;. Le webinaire a donn\u00e9 un aper\u00e7u<\/p>\n\t\t<\/div>\n\t\t\n\t\t<a class=\"elementor-post__read-more\" href=\"https:\/\/mopia.ca\/fr\/mopia-presents-for-undp-webinar\/\" aria-label=\"Read more about MOPIA presents for UNDP Webinar\" tabindex=\"-1\" >\n\t\t\tEn savoir plus\t\t<\/a>\n\n\t\t\t\t<\/div>\n\t\t\t\t<div class=\"elementor-post__meta-data\">\n\t\t\t\t\t<span class=\"elementor-post-date\">\n\t\t\t15 juin 2021\t\t<\/span>\n\t\t\t\t<\/div>\n\t\t\t\t\t<\/div>\n\t\t<\/article>\n\t\t\t\t<article class=\"elementor-post elementor-grid-item post-9059 post type-post status-publish format-standard hentry category-uncategorized\" role=\"listitem\">\n\t\t\t<div class=\"elementor-post__card\">\n\t\t\t\t<div class=\"elementor-post__text\">\n\t\t\t\t<h3 class=\"elementor-post__title\">\n\t\t\t<a href=\"https:\/\/mopia.ca\/fr\/mp-replenishment-on-going\/\" >\n\t\t\t\tR\u00e9approvisionnement en PM en cours\t\t\t<\/a>\n\t\t<\/h3>\n\t\t\t\t<div class=\"elementor-post__excerpt\">\n\t\t\t<p>Au cours des 21, 22 et 24 mai 2021, les parties et autres parties prenantes au Protocole de Montr\u00e9al relatif \u00e0 des substances qui appauvrissent la couche d&#039;ozone se sont r\u00e9unies<\/p>\n\t\t<\/div>\n\t\t\n\t\t<a class=\"elementor-post__read-more\" href=\"https:\/\/mopia.ca\/fr\/mp-replenishment-on-going\/\" aria-label=\"Read more about MP Replenishment On-Going\" tabindex=\"-1\" >\n\t\t\tEn savoir plus\t\t<\/a>\n\n\t\t\t\t<\/div>\n\t\t\t\t<div class=\"elementor-post__meta-data\">\n\t\t\t\t\t<span class=\"elementor-post-date\">\n\t\t\t4 juin 2021\t\t<\/span>\n\t\t\t\t<\/div>\n\t\t\t\t\t<\/div>\n\t\t<\/article>\n\t\t\t\t<article class=\"elementor-post elementor-grid-item post-8315 post type-post status-publish format-standard hentry category-uncategorized\" role=\"listitem\">\n\t\t\t<div class=\"elementor-post__card\">\n\t\t\t\t<div class=\"elementor-post__text\">\n\t\t\t\t<h3 class=\"elementor-post__title\">\n\t\t\t<a href=\"https:\/\/mopia.ca\/fr\/fourth-extraordinary-montreal-protocol-meeting-info\/\" >\n\t\t\t\tInformations sur la quatri\u00e8me r\u00e9union extraordinaire du Protocole de Montr\u00e9al\t\t\t<\/a>\n\t\t<\/h3>\n\t\t\t\t<div class=\"elementor-post__excerpt\">\n\t\t\t<p>La quatri\u00e8me r\u00e9union extraordinaire des Parties au Protocole de Montr\u00e9al sur la reconstitution: 2021 est pr\u00e9vue pour le 21 mai 2021 dans un format EN LIGNE. Pour<\/p>\n\t\t<\/div>\n\t\t\n\t\t<a class=\"elementor-post__read-more\" href=\"https:\/\/mopia.ca\/fr\/fourth-extraordinary-montreal-protocol-meeting-info\/\" aria-label=\"Read more about Fourth Extraordinary Montreal Protocol Meeting Info\" tabindex=\"-1\" >\n\t\t\tEn savoir plus\t\t<\/a>\n\n\t\t\t\t<\/div>\n\t\t\t\t<div class=\"elementor-post__meta-data\">\n\t\t\t\t\t<span class=\"elementor-post-date\">\n\t\t\t23 mars 2021\t\t<\/span>\n\t\t\t\t<\/div>\n\t\t\t\t\t<\/div>\n\t\t<\/article>\n\t\t\t\t<article class=\"elementor-post elementor-grid-item post-8306 post type-post status-publish format-standard hentry category-uncategorized\" role=\"listitem\">\n\t\t\t<div class=\"elementor-post__card\">\n\t\t\t\t<div class=\"elementor-post__text\">\n\t\t\t\t<h3 class=\"elementor-post__title\">\n\t\t\t<a href=\"https:\/\/mopia.ca\/fr\/new-hfo-report-downsides-of-hfo-refrigerant-usage\/\" >\n\t\t\t\tNouveau rapport HFO - Inconv\u00e9nients de l&#039;utilisation de r\u00e9frig\u00e9rant HFO\t\t\t<\/a>\n\t\t<\/h3>\n\t\t\t\t<div class=\"elementor-post__excerpt\">\n\t\t\t<p>Une nouvelle \u00e9tude (2021) publi\u00e9e par Refolution Industriek\u00e4lte GmbH met en \u00e9vidence les impacts des HFO sur l&#039;environnement et la sant\u00e9. Lisez le rapport complet ici: Lire<\/p>\n\t\t<\/div>\n\t\t\n\t\t<a class=\"elementor-post__read-more\" href=\"https:\/\/mopia.ca\/fr\/new-hfo-report-downsides-of-hfo-refrigerant-usage\/\" aria-label=\"Read more about New HFO Report &#8211; Downsides of HFO refrigerant usage\" tabindex=\"-1\" >\n\t\t\tEn savoir plus\t\t<\/a>\n\n\t\t\t\t<\/div>\n\t\t\t\t<div class=\"elementor-post__meta-data\">\n\t\t\t\t\t<span class=\"elementor-post-date\">\n\t\t\t23 mars 2021\t\t<\/span>\n\t\t\t\t<\/div>\n\t\t\t\t\t<\/div>\n\t\t<\/article>\n\t\t\t\t<article class=\"elementor-post elementor-grid-item post-7377 post type-post status-publish format-standard hentry category-uncategorized\" role=\"listitem\">\n\t\t\t<div class=\"elementor-post__card\">\n\t\t\t\t<div class=\"elementor-post__text\">\n\t\t\t\t<h3 class=\"elementor-post__title\">\n\t\t\t<a href=\"https:\/\/mopia.ca\/fr\/remember-to-submit-ods-records-by-feb-1st\/\" >\n\t\t\t\tN'oubliez pas de soumettre les enregistrements SAO avant le 1er f\u00e9vrier\t\t\t<\/a>\n\t\t<\/h3>\n\t\t\t\t<div class=\"elementor-post__excerpt\">\n\t\t\t<p>N'oubliez pas de soumettre vos enregistrements SAO \u00e0 MOPIA avant le 1er f\u00e9vrier. Toute utilisation de r\u00e9frig\u00e9rant doit \u00eatre document\u00e9e. Les fiches de donn\u00e9es d'enregistrement peuvent \u00eatre obtenues en cliquant sur<\/p>\n\t\t<\/div>\n\t\t\n\t\t<a class=\"elementor-post__read-more\" href=\"https:\/\/mopia.ca\/fr\/remember-to-submit-ods-records-by-feb-1st\/\" aria-label=\"Read more about Remember to Submit ODS Records by Feb 1st\" tabindex=\"-1\" >\n\t\t\tEn savoir plus\t\t<\/a>\n\n\t\t\t\t<\/div>\n\t\t\t\t<div class=\"elementor-post__meta-data\">\n\t\t\t\t\t<span class=\"elementor-post-date\">\n\t\t\t5 janvier 2021\t\t<\/span>\n\t\t\t\t<\/div>\n\t\t\t\t\t<\/div>\n\t\t<\/article>\n\t\t\t\t<article class=\"elementor-post elementor-grid-item post-6836 post type-post status-publish format-standard hentry category-uncategorized\" role=\"listitem\">\n\t\t\t<div class=\"elementor-post__card\">\n\t\t\t\t<div class=\"elementor-post__text\">\n\t\t\t\t<h3 class=\"elementor-post__title\">\n\t\t\t<a href=\"https:\/\/mopia.ca\/fr\/mopia-exe-committee-appointed-for-2020-21\/\" >\n\t\t\t\tComit\u00e9 ex\u00e9cutif de MOPIA nomm\u00e9 pour 2020\/21\t\t\t<\/a>\n\t\t<\/h3>\n\t\t\t\t<div class=\"elementor-post__excerpt\">\n\t\t\t<p>La Manitoba Ozone Protection Industry Association (MOPIA) a nomm\u00e9 son comit\u00e9 ex\u00e9cutif pour l&#039;ann\u00e9e 2020\/2021.<\/p>\n\t\t<\/div>\n\t\t\n\t\t<a class=\"elementor-post__read-more\" href=\"https:\/\/mopia.ca\/fr\/mopia-exe-committee-appointed-for-2020-21\/\" aria-label=\"Read more about MOPIA Executive Committee Appointed for 2020\/21\" tabindex=\"-1\" >\n\t\t\tEn savoir plus\t\t<\/a>\n\n\t\t\t\t<\/div>\n\t\t\t\t<div class=\"elementor-post__meta-data\">\n\t\t\t\t\t<span class=\"elementor-post-date\">\n\t\t\t19 novembre 2020\t\t<\/span>\n\t\t\t\t<\/div>\n\t\t\t\t\t<\/div>\n\t\t<\/article>\n\t\t\t\t<article class=\"elementor-post elementor-grid-item post-6662 post type-post status-publish format-standard hentry category-uncategorized\" role=\"listitem\">\n\t\t\t<div class=\"elementor-post__card\">\n\t\t\t\t<div class=\"elementor-post__text\">\n\t\t\t\t<h3 class=\"elementor-post__title\">\n\t\t\t<a href=\"https:\/\/mopia.ca\/fr\/mopias-26th-agm-review\/\" >\n\t\t\t\tRevue de la 26e AGA de MOPIA\t\t\t<\/a>\n\t\t<\/h3>\n\t\t\t\t<div class=\"elementor-post__excerpt\">\n\t\t\t<p>La 26e Assembl\u00e9e g\u00e9n\u00e9rale annuelle de MOPIA a \u00e9t\u00e9 un succ\u00e8s, malgr\u00e9 les restrictions apport\u00e9es par COVID-19. La r\u00e9union a eu lieu via livestream - le premier<\/p>\n\t\t<\/div>\n\t\t\n\t\t<a class=\"elementor-post__read-more\" href=\"https:\/\/mopia.ca\/fr\/mopias-26th-agm-review\/\" aria-label=\"Read more about MOPIA&#8217;s 26th AGM Review\" tabindex=\"-1\" >\n\t\t\tEn savoir plus\t\t<\/a>\n\n\t\t\t\t<\/div>\n\t\t\t\t<div class=\"elementor-post__meta-data\">\n\t\t\t\t\t<span class=\"elementor-post-date\">\n\t\t\t22 octobre 2020\t\t<\/span>\n\t\t\t\t<\/div>\n\t\t\t\t\t<\/div>\n\t\t<\/article>\n\t\t\t\t<article class=\"elementor-post elementor-grid-item post-6580 post type-post status-publish format-standard hentry category-uncategorized\" role=\"listitem\">\n\t\t\t<div class=\"elementor-post__card\">\n\t\t\t\t<div class=\"elementor-post__text\">\n\t\t\t\t<h3 class=\"elementor-post__title\">\n\t\t\t<a href=\"https:\/\/mopia.ca\/fr\/mopias-26th-annual-general-meeting\/\" >\n\t\t\t\t26e Assembl\u00e9e g\u00e9n\u00e9rale annuelle de MOPIA\t\t\t<\/a>\n\t\t<\/h3>\n\t\t\t\t<div class=\"elementor-post__excerpt\">\n\t\t\t<p>La 26e Assembl\u00e9e g\u00e9n\u00e9rale annuelle de MOPIA est pr\u00e9vue le 22 octobre \u00e0 12h00, via la diffusion de la r\u00e9union sur Internet. Plus d&#039;infos \u00e0 venir concernant la plateforme de diffusion. MOPIA<\/p>\n\t\t<\/div>\n\t\t\n\t\t<a class=\"elementor-post__read-more\" href=\"https:\/\/mopia.ca\/fr\/mopias-26th-annual-general-meeting\/\" aria-label=\"Read more about MOPIA&#8217;s 26th Annual General Meeting\" tabindex=\"-1\" >\n\t\t\tEn savoir plus\t\t<\/a>\n\n\t\t\t\t<\/div>\n\t\t\t\t<div class=\"elementor-post__meta-data\">\n\t\t\t\t\t<span class=\"elementor-post-date\">\n\t\t\t28 septembre 2020\t\t<\/span>\n\t\t\t\t<\/div>\n\t\t\t\t\t<\/div>\n\t\t<\/article>\n\t\t\t\t<article class=\"elementor-post elementor-grid-item post-6173 post type-post status-publish format-standard hentry category-uncategorized\" role=\"listitem\">\n\t\t\t<div class=\"elementor-post__card\">\n\t\t\t\t<div class=\"elementor-post__text\">\n\t\t\t\t<h3 class=\"elementor-post__title\">\n\t\t\t<a href=\"https:\/\/mopia.ca\/fr\/international-ozone-day-16-sept\/\" >\n\t\t\t\tJourn\u00e9e mondiale de l&#039;ozone 2020-16 septembre\t\t\t<\/a>\n\t\t<\/h3>\n\t\t\t\t<div class=\"elementor-post__excerpt\">\n\t\t\t<p>http:\/\/web.unep.org\/ozonhttps:\/\/www.unenvironment.org\/news-and-stories\/video\/unep-executive-director-message-world-ozone-day-2020action\/international-day-preservation-ozone-layer-2018<\/p>\n\t\t<\/div>\n\t\t\n\t\t<a class=\"elementor-post__read-more\" href=\"https:\/\/mopia.ca\/fr\/international-ozone-day-16-sept\/\" aria-label=\"Read more about World Ozone Day 2020 &#8211; Sept 16\" tabindex=\"-1\" >\n\t\t\tEn savoir plus\t\t<\/a>\n\n\t\t\t\t<\/div>\n\t\t\t\t<div class=\"elementor-post__meta-data\">\n\t\t\t\t\t<span class=\"elementor-post-date\">\n\t\t\t8 septembre 2020\t\t<\/span>\n\t\t\t\t<\/div>\n\t\t\t\t\t<\/div>\n\t\t<\/article>\n\t\t\t\t<article class=\"elementor-post elementor-grid-item post-6151 post type-post status-publish format-standard hentry category-uncategorized\" role=\"listitem\">\n\t\t\t<div class=\"elementor-post__card\">\n\t\t\t\t<div class=\"elementor-post__text\">\n\t\t\t\t<h3 class=\"elementor-post__title\">\n\t\t\t<a href=\"https:\/\/mopia.ca\/fr\/mopia-meets-with-manitobas-conservation-and-climate-minister\/\" >\n\t\t\t\tMOPIA rencontre le ministre de la Conservation et du Climat du Manitoba\t\t\t<\/a>\n\t\t<\/h3>\n\t\t\t\t<div class=\"elementor-post__excerpt\">\n\t\t\t\t\t<\/div>\n\t\t\n\t\t<a class=\"elementor-post__read-more\" href=\"https:\/\/mopia.ca\/fr\/mopia-meets-with-manitobas-conservation-and-climate-minister\/\" aria-label=\"Read more about MOPIA Meets with Manitoba&#8217;s Conservation and Climate Minister\" tabindex=\"-1\" >\n\t\t\tEn savoir plus\t\t<\/a>\n\n\t\t\t\t<\/div>\n\t\t\t\t<div class=\"elementor-post__meta-data\">\n\t\t\t\t\t<span class=\"elementor-post-date\">\n\t\t\t15 juillet 2020\t\t<\/span>\n\t\t\t\t<\/div>\n\t\t\t\t\t<\/div>\n\t\t<\/article>\n\t\t\t\t<article class=\"elementor-post elementor-grid-item post-6157 post type-post status-publish format-standard hentry category-uncategorized\" role=\"listitem\">\n\t\t\t<div class=\"elementor-post__card\">\n\t\t\t\t<div class=\"elementor-post__text\">\n\t\t\t\t<h3 class=\"elementor-post__title\">\n\t\t\t<a href=\"https:\/\/mopia.ca\/fr\/mopia-on-ctv-news-hcfc-22-phaseout\/\" >\n\t\t\t\tMOPIA sur CTV News - \u00c9limination du HCFC 22\t\t\t<\/a>\n\t\t<\/h3>\n\t\t\t\t<div class=\"elementor-post__excerpt\">\n\t\t\t<p>https:\/\/winnipeg.ctvnews.ca\/video?clipId=1893875&amp;binId=1.1164782&amp;playlistPageNum=1<\/p>\n\t\t<\/div>\n\t\t\n\t\t<a class=\"elementor-post__read-more\" href=\"https:\/\/mopia.ca\/fr\/mopia-on-ctv-news-hcfc-22-phaseout\/\" aria-label=\"Read more about MOPIA on CTV News  &#8211; HCFC 22 Phaseout\" tabindex=\"-1\" >\n\t\t\tEn savoir plus\t\t<\/a>\n\n\t\t\t\t<\/div>\n\t\t\t\t<div class=\"elementor-post__meta-data\">\n\t\t\t\t\t<span class=\"elementor-post-date\">\n\t\t\t15 mai 2020\t\t<\/span>\n\t\t\t\t<\/div>\n\t\t\t\t\t<\/div>\n\t\t<\/article>\n\t\t\t\t<article class=\"elementor-post elementor-grid-item post-6164 post type-post status-publish format-standard hentry category-uncategorized\" role=\"listitem\">\n\t\t\t<div class=\"elementor-post__card\">\n\t\t\t\t<div class=\"elementor-post__text\">\n\t\t\t\t<h3 class=\"elementor-post__title\">\n\t\t\t<a href=\"https:\/\/mopia.ca\/fr\/mopias-26th-agm-is-postponed-due-to-covid-19-date-tentative-to-june-15\/\" >\n\t\t\t\tLa 26e AGA de MOPIA est suspendue en raison de Covid-19 - Date provisoire au 15 juin\t\t\t<\/a>\n\t\t<\/h3>\n\t\t\t\t<div class=\"elementor-post__excerpt\">\n\t\t\t<p>&nbsp; AGM 26 MOPIA Ordre du jour 22 avril 2020 Nomination Conseil d&#039;administration 2020 Formulaire de procuration pour 26 AGM 2020<\/p>\n\t\t<\/div>\n\t\t\n\t\t<a class=\"elementor-post__read-more\" href=\"https:\/\/mopia.ca\/fr\/mopias-26th-agm-is-postponed-due-to-covid-19-date-tentative-to-june-15\/\" aria-label=\"Read more about MOPIA&#8217;s 26th AGM is Postponed due to Covid-19 &#8211; Date Tentative to June 15\" tabindex=\"-1\" >\n\t\t\tEn savoir plus\t\t<\/a>\n\n\t\t\t\t<\/div>\n\t\t\t\t<div class=\"elementor-post__meta-data\">\n\t\t\t\t\t<span class=\"elementor-post-date\">\n\t\t\t15 avril 2020\t\t<\/span>\n\t\t\t\t<\/div>\n\t\t\t\t\t<\/div>\n\t\t<\/article>\n\t\t\t\t<article class=\"elementor-post elementor-grid-item post-6162 post type-post status-publish format-standard hentry category-uncategorized\" role=\"listitem\">\n\t\t\t<div class=\"elementor-post__card\">\n\t\t\t\t<div class=\"elementor-post__text\">\n\t\t\t\t<h3 class=\"elementor-post__title\">\n\t\t\t<a href=\"https:\/\/mopia.ca\/fr\/mopia-at-uneps-ozone-secretariats-31st-meeting-of-the-parties-in-rome-italy-2019\/\" >\n\t\t\t\tMOPIA aux Secr\u00e9tariats de l&#039;ozone du PNUE 31e R\u00e9union des Parties \u00e0 Rome, Italie, 2019\t\t\t<\/a>\n\t\t<\/h3>\n\t\t\t\t<div class=\"elementor-post__excerpt\">\n\t\t\t<p>MOPIA avait une \u00e9quipe solide \u00e0 la MOP 31 \u00e0 Rome, comprenant Meghan Skorodenski, John Kubilanski, Mark Miller et Genoa de Bruin. Voir les d\u00e9tails sur: https:\/\/ozone.unep.org\/home<\/p>\n\t\t<\/div>\n\t\t\n\t\t<a class=\"elementor-post__read-more\" href=\"https:\/\/mopia.ca\/fr\/mopia-at-uneps-ozone-secretariats-31st-meeting-of-the-parties-in-rome-italy-2019\/\" aria-label=\"Read more about MOPIA at UNEPs Ozone Secretariats 31st Meeting of the Parties in Rome, Italy, 2019\" tabindex=\"-1\" >\n\t\t\tEn savoir plus\t\t<\/a>\n\n\t\t\t\t<\/div>\n\t\t\t\t<div class=\"elementor-post__meta-data\">\n\t\t\t\t\t<span class=\"elementor-post-date\">\n\t\t\t15 avril 2020\t\t<\/span>\n\t\t\t\t<\/div>\n\t\t\t\t\t<\/div>\n\t\t<\/article>\n\t\t\t\t<article class=\"elementor-post elementor-grid-item post-6160 post type-post status-publish format-standard hentry category-uncategorized\" role=\"listitem\">\n\t\t\t<div class=\"elementor-post__card\">\n\t\t\t\t<div class=\"elementor-post__text\">\n\t\t\t\t<h3 class=\"elementor-post__title\">\n\t\t\t<a href=\"https:\/\/mopia.ca\/fr\/certification-training\/\" >\n\t\t\t\tFormation \u00e0 la certification\t\t\t<\/a>\n\t\t<\/h3>\n\t\t\t\t<div class=\"elementor-post__excerpt\">\n\t\t\t<p>(en attente de Covid-19) Si vous avez besoin d&#039;une certification, contactez MOPIA car nous proposons un kit de correspondance d&#039;auto-apprentissage en ce moment, et dans l&#039;espoir d&#039;avoir une formation en ligne<\/p>\n\t\t<\/div>\n\t\t\n\t\t<a class=\"elementor-post__read-more\" href=\"https:\/\/mopia.ca\/fr\/certification-training\/\" aria-label=\"Read more about Certification Training\" tabindex=\"-1\" >\n\t\t\tEn savoir plus\t\t<\/a>\n\n\t\t\t\t<\/div>\n\t\t\t\t<div class=\"elementor-post__meta-data\">\n\t\t\t\t\t<span class=\"elementor-post-date\">\n\t\t\t15 avril 2020\t\t<\/span>\n\t\t\t\t<\/div>\n\t\t\t\t\t<\/div>\n\t\t<\/article>\n\t\t\t\t<article class=\"elementor-post elementor-grid-item post-6155 post type-post status-publish format-standard hentry category-uncategorized\" role=\"listitem\">\n\t\t\t<div class=\"elementor-post__card\">\n\t\t\t\t<div class=\"elementor-post__text\">\n\t\t\t\t<h3 class=\"elementor-post__title\">\n\t\t\t<a href=\"https:\/\/mopia.ca\/fr\/mopias-new-senior-sustainability-advisor\/\" >\n\t\t\t\tNouveau conseiller principal en d\u00e9veloppement durable de MOPIA\t\t\t<\/a>\n\t\t<\/h3>\n\t\t\t\t<div class=\"elementor-post__excerpt\">\n\t\t\t<p>MOPIA a le plaisir d&#039;annoncer la nomination de M. Rajendra Shende en tant que conseiller principal en d\u00e9veloppement durable de MOPIA. Voir le communiqu\u00e9 de presse ci-dessous: MOPIA News Release Jan<\/p>\n\t\t<\/div>\n\t\t\n\t\t<a class=\"elementor-post__read-more\" href=\"https:\/\/mopia.ca\/fr\/mopias-new-senior-sustainability-advisor\/\" aria-label=\"Read more about MOPIA&#8217;s New Senior Sustainability Advisor\" tabindex=\"-1\" >\n\t\t\tEn savoir plus\t\t<\/a>\n\n\t\t\t\t<\/div>\n\t\t\t\t<div class=\"elementor-post__meta-data\">\n\t\t\t\t\t<span class=\"elementor-post-date\">\n\t\t\t16 janvier 2020\t\t<\/span>\n\t\t\t\t<\/div>\n\t\t\t\t\t<\/div>\n\t\t<\/article>\n\t\t\t\t<article class=\"elementor-post elementor-grid-item post-6171 post type-post status-publish format-standard hentry category-uncategorized\" role=\"listitem\">\n\t\t\t<div class=\"elementor-post__card\">\n\t\t\t\t<div class=\"elementor-post__text\">\n\t\t\t\t<h3 class=\"elementor-post__title\">\n\t\t\t<a href=\"https:\/\/mopia.ca\/fr\/regulation-consultation-be-part-of-it\/\" >\n\t\t\t\tConsultation sur la r\u00e9glementation - Participe!\t\t\t<\/a>\n\t\t<\/h3>\n\t\t\t\t<div class=\"elementor-post__excerpt\">\n\t\t\t<p>Sessions de sensibilisation au programme tenues Le MOPIA organisera une s\u00e9rie de s\u00e9ances de consultation gratuites sur la sensibilisation au programme et sur la r\u00e9glementation Manitoba SAO 103\/94 \u00e0 partir de juin 2020. Participants<\/p>\n\t\t<\/div>\n\t\t\n\t\t<a class=\"elementor-post__read-more\" href=\"https:\/\/mopia.ca\/fr\/regulation-consultation-be-part-of-it\/\" aria-label=\"Read more about Regulation Consultation &#8211; Be Part of It!\" tabindex=\"-1\" >\n\t\t\tEn savoir plus\t\t<\/a>\n\n\t\t\t\t<\/div>\n\t\t\t\t<div class=\"elementor-post__meta-data\">\n\t\t\t\t\t<span class=\"elementor-post-date\">\n\t\t\t15 d\u00e9cembre 2019\t\t<\/span>\n\t\t\t\t<\/div>\n\t\t\t\t\t<\/div>\n\t\t<\/article>\n\t\t\t\t<article class=\"elementor-post elementor-grid-item post-6167 post type-post status-publish format-standard hentry category-uncategorized\" role=\"listitem\">\n\t\t\t<div class=\"elementor-post__card\">\n\t\t\t\t<div class=\"elementor-post__text\">\n\t\t\t\t<h3 class=\"elementor-post__title\">\n\t\t\t<a href=\"https:\/\/mopia.ca\/fr\/mopias-25th-agm-held\/\" >\n\t\t\t\tTenue de la 25e AGA de MOPIA\t\t\t<\/a>\n\t\t<\/h3>\n\t\t\t\t<div class=\"elementor-post__excerpt\">\n\t\t\t<p>La 25e assembl\u00e9e g\u00e9n\u00e9rale annuelle de MOPIA a eu lieu le jeudi 9 mai 2019 \u00e0 Winnipeg. Nomination Conseil d&#039;administration 2019 Avis de la 25e AGA de MOPIA<\/p>\n\t\t<\/div>\n\t\t\n\t\t<a class=\"elementor-post__read-more\" href=\"https:\/\/mopia.ca\/fr\/mopias-25th-agm-held\/\" aria-label=\"Read more about MOPIA&#8217;s 25th AGM held\" tabindex=\"-1\" >\n\t\t\tEn savoir plus\t\t<\/a>\n\n\t\t\t\t<\/div>\n\t\t\t\t<div class=\"elementor-post__meta-data\">\n\t\t\t\t\t<span class=\"elementor-post-date\">\n\t\t\t15 novembre 2019\t\t<\/span>\n\t\t\t\t<\/div>\n\t\t\t\t\t<\/div>\n\t\t<\/article>\n\t\t\t\t<article class=\"elementor-post elementor-grid-item post-6513 post type-post status-publish format-standard hentry category-uncategorized\" role=\"listitem\">\n\t\t\t<div class=\"elementor-post__card\">\n\t\t\t\t<div class=\"elementor-post__text\">\n\t\t\t\t<h3 class=\"elementor-post__title\">\n\t\t\t<a href=\"https:\/\/mopia.ca\/fr\/mopia-at-manitoba-association-of-regional-recyclers-marr-forum\/\" >\n\t\t\t\tMOPIA au forum de l&#039;Association des recycleurs r\u00e9gionaux du Manitoba (MARR)\t\t\t<\/a>\n\t\t<\/h3>\n\t\t\t\t<div class=\"elementor-post__excerpt\">\n\t\t\t<p>Genoa de Bruin a pr\u00e9sent\u00e9 au Forum MARR de cette ann\u00e9e \u00e0 Winnipeg, le 8 novembre. Elle a soulign\u00e9 l&#039;importance d&#039;\u00e9liminer correctement les produits blancs, y compris les<\/p>\n\t\t<\/div>\n\t\t\n\t\t<a class=\"elementor-post__read-more\" href=\"https:\/\/mopia.ca\/fr\/mopia-at-manitoba-association-of-regional-recyclers-marr-forum\/\" aria-label=\"Read more about MOPIA at Manitoba Association of Regional Recyclers (MARR) Forum\" tabindex=\"-1\" >\n\t\t\tEn savoir plus\t\t<\/a>\n\n\t\t\t\t<\/div>\n\t\t\t\t<div class=\"elementor-post__meta-data\">\n\t\t\t\t\t<span class=\"elementor-post-date\">\n\t\t\t15 novembre 2019\t\t<\/span>\n\t\t\t\t<\/div>\n\t\t\t\t\t<\/div>\n\t\t<\/article>\n\t\t\t\t<article class=\"elementor-post elementor-grid-item post-6510 post type-post status-publish format-standard hentry category-uncategorized\" role=\"listitem\">\n\t\t\t<div class=\"elementor-post__card\">\n\t\t\t\t<div class=\"elementor-post__text\">\n\t\t\t\t<h3 class=\"elementor-post__title\">\n\t\t\t<a href=\"https:\/\/mopia.ca\/fr\/mopia-at-keewatin-tribal-council-ktc-northern-manitoba-waste-management-conference\/\" >\n\t\t\t\tMOPIA \u00e0 la conf\u00e9rence sur la gestion des d\u00e9chets du nord du Manitoba du Keewatin Tribal Council (KTC)\t\t\t<\/a>\n\t\t<\/h3>\n\t\t\t\t<div class=\"elementor-post__excerpt\">\n\t\t\t<p>MOPIA a offert une formation provinciale sur la certification des SAO \u00e0 Thompson, au Manitoba, en f\u00e9vrier 2019, \u00e0 plusieurs membres de la KTC, en plus des programmes provinciaux (d\u00e9veloppement durable) et f\u00e9d\u00e9ral (ISC).<\/p>\n\t\t<\/div>\n\t\t\n\t\t<a class=\"elementor-post__read-more\" href=\"https:\/\/mopia.ca\/fr\/mopia-at-keewatin-tribal-council-ktc-northern-manitoba-waste-management-conference\/\" aria-label=\"Read more about MOPIA at Keewatin Tribal Council (KTC) Northern Manitoba Waste Management Conference\" tabindex=\"-1\" >\n\t\t\tEn savoir plus\t\t<\/a>\n\n\t\t\t\t<\/div>\n\t\t\t\t<div class=\"elementor-post__meta-data\">\n\t\t\t\t\t<span class=\"elementor-post-date\">\n\t\t\t15 mars 2019\t\t<\/span>\n\t\t\t\t<\/div>\n\t\t\t\t\t<\/div>\n\t\t<\/article>\n\t\t\t\t<article class=\"elementor-post elementor-grid-item post-6517 post type-post status-publish format-standard hentry category-uncategorized\" role=\"listitem\">\n\t\t\t<div class=\"elementor-post__card\">\n\t\t\t\t<div class=\"elementor-post__text\">\n\t\t\t\t<h3 class=\"elementor-post__title\">\n\t\t\t<a href=\"https:\/\/mopia.ca\/fr\/montreal-protocol-kigali-amendment-spurs-hfc-controls\/\" >\n\t\t\t\tL&#039;amendement de Kigali au Protocole de Montr\u00e9al stimule les contr\u00f4les des HFC\t\t\t<\/a>\n\t\t<\/h3>\n\t\t\t\t<div class=\"elementor-post__excerpt\">\n\t\t\t<p>Nouveaux contr\u00f4les des HFC par Environnement et CC Canada La fabrication de nouveaux \u00e9quipements avec des HFC \u00e0 PRG \u00e9lev\u00e9 sera restreinte en fonction des dates observ\u00e9es.<\/p>\n\t\t<\/div>\n\t\t\n\t\t<a class=\"elementor-post__read-more\" href=\"https:\/\/mopia.ca\/fr\/montreal-protocol-kigali-amendment-spurs-hfc-controls\/\" aria-label=\"Read more about Montreal Protocol Kigali Amendment spurs HFC Controls\" tabindex=\"-1\" >\n\t\t\tEn savoir plus\t\t<\/a>\n\n\t\t\t\t<\/div>\n\t\t\t\t<div class=\"elementor-post__meta-data\">\n\t\t\t\t\t<span class=\"elementor-post-date\">\n\t\t\t14 novembre 2018\t\t<\/span>\n\t\t\t\t<\/div>\n\t\t\t\t\t<\/div>\n\t\t<\/article>\n\t\t\t\t<article class=\"elementor-post elementor-grid-item post-6185 post type-post status-publish format-standard hentry category-uncategorized\" role=\"listitem\">\n\t\t\t<div class=\"elementor-post__card\">\n\t\t\t\t<div class=\"elementor-post__text\">\n\t\t\t\t<h3 class=\"elementor-post__title\">\n\t\t\t<a href=\"https:\/\/mopia.ca\/fr\/mopia-provides-training-at-island-lakes-first-nations\/\" >\n\t\t\t\tMOPIA offre une formation aux Premi\u00e8res Nations d&#039;Island Lakes\t\t\t<\/a>\n\t\t<\/h3>\n\t\t\t\t<div class=\"elementor-post__excerpt\">\n\t\t\t<p>Le 28 f\u00e9vrier 2018, MOPIA, en collaboration avec le CIER, a offert une formation de certification \u00e0 17 sp\u00e9cialistes de la gestion des d\u00e9chets des Premi\u00e8res Nations. Une photo du groupe est<\/p>\n\t\t<\/div>\n\t\t\n\t\t<a class=\"elementor-post__read-more\" href=\"https:\/\/mopia.ca\/fr\/mopia-provides-training-at-island-lakes-first-nations\/\" aria-label=\"Read more about MOPIA Provides Training at Island Lakes First Nations\" tabindex=\"-1\" >\n\t\t\tEn savoir plus\t\t<\/a>\n\n\t\t\t\t<\/div>\n\t\t\t\t<div class=\"elementor-post__meta-data\">\n\t\t\t\t\t<span class=\"elementor-post-date\">\n\t\t\t15 mars 2018\t\t<\/span>\n\t\t\t\t<\/div>\n\t\t\t\t\t<\/div>\n\t\t<\/article>\n\t\t\t\t<article class=\"elementor-post elementor-grid-item post-6183 post type-post status-publish format-standard hentry category-uncategorized\" role=\"listitem\">\n\t\t\t<div class=\"elementor-post__card\">\n\t\t\t\t<div class=\"elementor-post__text\">\n\t\t\t\t<h3 class=\"elementor-post__title\">\n\t\t\t<a href=\"https:\/\/mopia.ca\/fr\/proof-chemicals-deplete-the-ozone-layer\/\" >\n\t\t\t\tLes produits chimiques de preuve appauvrissent la couche d&#039;ozone\t\t\t<\/a>\n\t\t<\/h3>\n\t\t\t\t<div class=\"elementor-post__excerpt\">\n\t\t\t<p>Un nouveau document de recherche r\u00e9cemment publi\u00e9 (4 janvier 2018) dans les lettres de recherche g\u00e9ophysique \u00abD\u00e9clin de l&#039;appauvrissement de l&#039;ozone en Antarctique et du chlore stratosph\u00e9rique inf\u00e9rieur d\u00e9termin\u00e9 \u00e0 partir de<\/p>\n\t\t<\/div>\n\t\t\n\t\t<a class=\"elementor-post__read-more\" href=\"https:\/\/mopia.ca\/fr\/proof-chemicals-deplete-the-ozone-layer\/\" aria-label=\"Read more about Proof Chemicals Deplete The Ozone Layer\" tabindex=\"-1\" >\n\t\t\tEn savoir plus\t\t<\/a>\n\n\t\t\t\t<\/div>\n\t\t\t\t<div class=\"elementor-post__meta-data\">\n\t\t\t\t\t<span class=\"elementor-post-date\">\n\t\t\t15 mars 2018\t\t<\/span>\n\t\t\t\t<\/div>\n\t\t\t\t\t<\/div>\n\t\t<\/article>\n\t\t\t\t<article class=\"elementor-post elementor-grid-item post-6175 post type-post status-publish format-standard hentry category-uncategorized\" role=\"listitem\">\n\t\t\t<div class=\"elementor-post__card\">\n\t\t\t\t<div class=\"elementor-post__text\">\n\t\t\t\t<h3 class=\"elementor-post__title\">\n\t\t\t<a href=\"https:\/\/mopia.ca\/fr\/import-rules-for-hfcs-changing-aerosol-foam-auto-hfc-a-c-bans-2021\/\" >\n\t\t\t\tR\u00e8gles d&#039;importation pour le changement des HFC \/ Interdictions d&#039;a\u00e9rosols, de mousse et de climatisation HFC automatique (2021)\t\t\t<\/a>\n\t\t<\/h3>\n\t\t\t\t<div class=\"elementor-post__excerpt\">\n\t\t\t<p>Environnement et Changement climatique Canada a publi\u00e9 des d\u00e9tails concernant les modifications au R\u00e8glement f\u00e9d\u00e9ral sur les SAO et les halocarbures entrant en vigueur le 16 avril 2018. Voir<\/p>\n\t\t<\/div>\n\t\t\n\t\t<a class=\"elementor-post__read-more\" href=\"https:\/\/mopia.ca\/fr\/import-rules-for-hfcs-changing-aerosol-foam-auto-hfc-a-c-bans-2021\/\" aria-label=\"Read more about Import Rules for HFCs Changing\/Aerosol, Foam &amp; Auto HFC A\/C Bans (2021)\" tabindex=\"-1\" >\n\t\t\tEn savoir plus\t\t<\/a>\n\n\t\t\t\t<\/div>\n\t\t\t\t<div class=\"elementor-post__meta-data\">\n\t\t\t\t\t<span class=\"elementor-post-date\">\n\t\t\t15 mars 2018\t\t<\/span>\n\t\t\t\t<\/div>\n\t\t\t\t\t<\/div>\n\t\t<\/article>\n\t\t\t\t<article class=\"elementor-post elementor-grid-item post-6499 post type-post status-publish format-standard hentry category-uncategorized\" role=\"listitem\">\n\t\t\t<div class=\"elementor-post__card\">\n\t\t\t\t<div class=\"elementor-post__text\">\n\t\t\t\t<h3 class=\"elementor-post__title\">\n\t\t\t<a href=\"https:\/\/mopia.ca\/fr\/canada-and-the-paris-agreement\/\" >\n\t\t\t\tLe Canada et l&#039;Accord de Paris\t\t\t<\/a>\n\t\t<\/h3>\n\t\t\t\t<div class=\"elementor-post__excerpt\">\n\t\t\t<p>Le 5 octobre 2016, le Parlement canadien a ratifi\u00e9 l&#039;Accord de Paris sur les changements climatiques. Il entrera en vigueur le 4 novembre 2016. Les provinces canadiennes devront<\/p>\n\t\t<\/div>\n\t\t\n\t\t<a class=\"elementor-post__read-more\" href=\"https:\/\/mopia.ca\/fr\/canada-and-the-paris-agreement\/\" aria-label=\"Read more about Canada and The Paris Agreement\" tabindex=\"-1\" >\n\t\t\tEn savoir plus\t\t<\/a>\n\n\t\t\t\t<\/div>\n\t\t\t\t<div class=\"elementor-post__meta-data\">\n\t\t\t\t\t<span class=\"elementor-post-date\">\n\t\t\t15 f\u00e9vrier 2018\t\t<\/span>\n\t\t\t\t<\/div>\n\t\t\t\t\t<\/div>\n\t\t<\/article>\n\t\t\t\t<article class=\"elementor-post elementor-grid-item post-6519 post type-post status-publish format-standard hentry category-uncategorized\" role=\"listitem\">\n\t\t\t<div class=\"elementor-post__card\">\n\t\t\t\t<div class=\"elementor-post__text\">\n\t\t\t\t<h3 class=\"elementor-post__title\">\n\t\t\t<a href=\"https:\/\/mopia.ca\/fr\/mopia-at-29th-meeting-of-the-parties\/\" >\n\t\t\t\tMOPIA \u00e0 la 29e R\u00e9union des Parties\t\t\t<\/a>\n\t\t<\/h3>\n\t\t\t\t<div class=\"elementor-post__excerpt\">\n\t\t\t<p>MOPIA a organis\u00e9 un stand et s&#039;est activement engag\u00e9e dans les \u00e9v\u00e9nements parall\u00e8les et a particip\u00e9 \u00e0 la R\u00e9union officielle des Parties du 24 au 28 novembre \u00e0 Montr\u00e9al. MOPIA<\/p>\n\t\t<\/div>\n\t\t\n\t\t<a class=\"elementor-post__read-more\" href=\"https:\/\/mopia.ca\/fr\/mopia-at-29th-meeting-of-the-parties\/\" aria-label=\"Read more about MOPIA at 29th Meeting of the Parties\" tabindex=\"-1\" >\n\t\t\tEn savoir plus\t\t<\/a>\n\n\t\t\t\t<\/div>\n\t\t\t\t<div class=\"elementor-post__meta-data\">\n\t\t\t\t\t<span class=\"elementor-post-date\">\n\t\t\t14 d\u00e9cembre 2017\t\t<\/span>\n\t\t\t\t<\/div>\n\t\t\t\t\t<\/div>\n\t\t<\/article>\n\t\t\t\t<article class=\"elementor-post elementor-grid-item post-6515 post type-post status-publish format-standard hentry category-uncategorized\" role=\"listitem\">\n\t\t\t<div class=\"elementor-post__card\">\n\t\t\t\t<div class=\"elementor-post__text\">\n\t\t\t\t<h3 class=\"elementor-post__title\">\n\t\t\t<a href=\"https:\/\/mopia.ca\/fr\/manitobas-climate-green-plan\/\" >\n\t\t\t\tPlan climat et vert du Manitoba\t\t\t<\/a>\n\t\t<\/h3>\n\t\t\t\t<div class=\"elementor-post__excerpt\">\n\t\t\t<p>Le gouvernement du Manitoba a publi\u00e9 son plan vert sur les changements climatiques le 27 octobre 2017. Consultez-le en cliquant sur\u2026 2017 climategreenplandiscussionpaper<\/p>\n\t\t<\/div>\n\t\t\n\t\t<a class=\"elementor-post__read-more\" href=\"https:\/\/mopia.ca\/fr\/manitobas-climate-green-plan\/\" aria-label=\"Read more about Manitoba&#8217;s Climate &amp; Green Plan\" tabindex=\"-1\" >\n\t\t\tEn savoir plus\t\t<\/a>\n\n\t\t\t\t<\/div>\n\t\t\t\t<div class=\"elementor-post__meta-data\">\n\t\t\t\t\t<span class=\"elementor-post-date\">\n\t\t\t15 novembre 2017\t\t<\/span>\n\t\t\t\t<\/div>\n\t\t\t\t\t<\/div>\n\t\t<\/article>\n\t\t\t\t<article class=\"elementor-post elementor-grid-item post-6527 post type-post status-publish format-standard hentry category-uncategorized\" role=\"listitem\">\n\t\t\t<div class=\"elementor-post__card\">\n\t\t\t\t<div class=\"elementor-post__text\">\n\t\t\t\t<h3 class=\"elementor-post__title\">\n\t\t\t<a href=\"https:\/\/mopia.ca\/fr\/federal-halocarbon-regulation-amendments\/\" >\n\t\t\t\tModifications au R\u00e8glement f\u00e9d\u00e9ral sur les halocarbures\t\t\t<\/a>\n\t\t<\/h3>\n\t\t\t\t<div class=\"elementor-post__excerpt\">\n\t\t\t<p>Le R\u00e8glement sur les substances appauvrissant la couche d&#039;ozone et les halocarbures de remplacement a \u00e9t\u00e9 publi\u00e9 dans la partie II de la Gazette du Canada, le mercredi 29 juin 2016. Le r\u00e8glement entrera en vigueur<\/p>\n\t\t<\/div>\n\t\t\n\t\t<a class=\"elementor-post__read-more\" href=\"https:\/\/mopia.ca\/fr\/federal-halocarbon-regulation-amendments\/\" aria-label=\"Read more about Federal Halocarbon Regulation Amendments\" tabindex=\"-1\" >\n\t\t\tEn savoir plus\t\t<\/a>\n\n\t\t\t\t<\/div>\n\t\t\t\t<div class=\"elementor-post__meta-data\">\n\t\t\t\t\t<span class=\"elementor-post-date\">\n\t\t\t14 juillet 2016\t\t<\/span>\n\t\t\t\t<\/div>\n\t\t\t\t\t<\/div>\n\t\t<\/article>\n\t\t\t\t<article class=\"elementor-post elementor-grid-item post-6525 post type-post status-publish format-standard hentry category-uncategorized\" role=\"listitem\">\n\t\t\t<div class=\"elementor-post__card\">\n\t\t\t\t<div class=\"elementor-post__text\">\n\t\t\t\t<h3 class=\"elementor-post__title\">\n\t\t\t<a href=\"https:\/\/mopia.ca\/fr\/federal-regulatory-changes\/\" >\n\t\t\t\tModifications r\u00e9glementaires f\u00e9d\u00e9rales\t\t\t<\/a>\n\t\t<\/h3>\n\t\t\t\t<div class=\"elementor-post__excerpt\">\n\t\t\t<p>Le R\u00e8glement sur les substances appauvrissant la couche d&#039;ozone et les halocarbures de remplacement, publi\u00e9 dans la partie II de la Gazette du Canada le mercredi 29 juin 2016, entrera en vigueur le<\/p>\n\t\t<\/div>\n\t\t\n\t\t<a class=\"elementor-post__read-more\" href=\"https:\/\/mopia.ca\/fr\/federal-regulatory-changes\/\" aria-label=\"Read more about Federal Regulatory Changes\" tabindex=\"-1\" >\n\t\t\tEn savoir plus\t\t<\/a>\n\n\t\t\t\t<\/div>\n\t\t\t\t<div class=\"elementor-post__meta-data\">\n\t\t\t\t\t<span class=\"elementor-post-date\">\n\t\t\t14 juillet 2016\t\t<\/span>\n\t\t\t\t<\/div>\n\t\t\t\t\t<\/div>\n\t\t<\/article>\n\t\t\t\t<article class=\"elementor-post elementor-grid-item post-6501 post type-post status-publish format-standard hentry category-uncategorized\" role=\"listitem\">\n\t\t\t<div class=\"elementor-post__card\">\n\t\t\t\t<div class=\"elementor-post__text\">\n\t\t\t\t<h3 class=\"elementor-post__title\">\n\t\t\t<a href=\"https:\/\/mopia.ca\/fr\/halocarbon-stewardship-plans-required\/\" >\n\t\t\t\tPlans d&#039;intendance des halocarbures requis\t\t\t<\/a>\n\t\t<\/h3>\n\t\t\t\t<div class=\"elementor-post__excerpt\">\n\t\t\t<p>Environnement et Changement climatique Canada (ECCC) en vertu de la Loi canadienne sur la protection de l&#039;environnement (LCPE) a publi\u00e9 un avis exigeant la pr\u00e9paration et la mise en \u0153uvre de plans de pr\u00e9vention de la pollution<\/p>\n\t\t<\/div>\n\t\t\n\t\t<a class=\"elementor-post__read-more\" href=\"https:\/\/mopia.ca\/fr\/halocarbon-stewardship-plans-required\/\" aria-label=\"Read more about Halocarbon Stewardship Plans Required\" tabindex=\"-1\" >\n\t\t\tEn savoir plus\t\t<\/a>\n\n\t\t\t\t<\/div>\n\t\t\t\t<div class=\"elementor-post__meta-data\">\n\t\t\t\t\t<span class=\"elementor-post-date\">\n\t\t\t25 mai 2016\t\t<\/span>\n\t\t\t\t<\/div>\n\t\t\t\t\t<\/div>\n\t\t<\/article>\n\t\t\t\t<article class=\"elementor-post elementor-grid-item post-6503 post type-post status-publish format-standard hentry category-uncategorized\" role=\"listitem\">\n\t\t\t<div class=\"elementor-post__card\">\n\t\t\t\t<div class=\"elementor-post__text\">\n\t\t\t\t<h3 class=\"elementor-post__title\">\n\t\t\t<a href=\"https:\/\/mopia.ca\/fr\/aerosol-hfc-controls-encouraged\/\" >\n\t\t\t\tContr\u00f4les des a\u00e9rosols HFC encourag\u00e9s\t\t\t<\/a>\n\t\t<\/h3>\n\t\t\t\t<div class=\"elementor-post__excerpt\">\n\t\t\t<p>MOPIA a depuis longtemps avanc\u00e9 et encourag\u00e9 l&#039;\u00e9limination de l&#039;utilisation des HFC dans les contenants a\u00e9rosols. Le HFC 134a et le HFC 52 sont utilis\u00e9s comme propulseur<\/p>\n\t\t<\/div>\n\t\t\n\t\t<a class=\"elementor-post__read-more\" href=\"https:\/\/mopia.ca\/fr\/aerosol-hfc-controls-encouraged\/\" aria-label=\"Read more about Aerosol HFC Controls Encouraged\" tabindex=\"-1\" >\n\t\t\tEn savoir plus\t\t<\/a>\n\n\t\t\t\t<\/div>\n\t\t\t\t<div class=\"elementor-post__meta-data\">\n\t\t\t\t\t<span class=\"elementor-post-date\">\n\t\t\t25 novembre 2015\t\t<\/span>\n\t\t\t\t<\/div>\n\t\t\t\t\t<\/div>\n\t\t<\/article>\n\t\t\t\t<article class=\"elementor-post elementor-grid-item post-6535 post type-post status-publish format-standard hentry category-uncategorized\" role=\"listitem\">\n\t\t\t<div class=\"elementor-post__card\">\n\t\t\t\t<div class=\"elementor-post__text\">\n\t\t\t\t<h3 class=\"elementor-post__title\">\n\t\t\t<a href=\"https:\/\/mopia.ca\/fr\/consumer-industry-bulletin\/\" >\n\t\t\t\tBulletin des consommateurs et de l&#039;industrie\t\t\t<\/a>\n\t\t<\/h3>\n\t\t\t\t<div class=\"elementor-post__excerpt\">\n\t\t\t<p>Pas de remplissage ConsumerACposter-Home ConsumerACposter-Auto Bouteilles de r\u00e9frig\u00e9rant ill\u00e9gales \/ non conformes au Manitoba Bien que le fabricant de r\u00e9frig\u00e9rant soit l\u00e9gitime, la bouteille de r\u00e9frig\u00e9rant est un \u00abDispos-A-Can\u00bb et ceci est<\/p>\n\t\t<\/div>\n\t\t\n\t\t<a class=\"elementor-post__read-more\" href=\"https:\/\/mopia.ca\/fr\/consumer-industry-bulletin\/\" aria-label=\"Read more about Consumer &amp; Industry Bulletin\" tabindex=\"-1\" >\n\t\t\tEn savoir plus\t\t<\/a>\n\n\t\t\t\t<\/div>\n\t\t\t\t<div class=\"elementor-post__meta-data\">\n\t\t\t\t\t<span class=\"elementor-post-date\">\n\t\t\t14 septembre 2015\t\t<\/span>\n\t\t\t\t<\/div>\n\t\t\t\t\t<\/div>\n\t\t<\/article>\n\t\t\t\t<article class=\"elementor-post elementor-grid-item post-6529 post type-post status-publish format-standard hentry category-uncategorized\" role=\"listitem\">\n\t\t\t<div class=\"elementor-post__card\">\n\t\t\t\t<div class=\"elementor-post__text\">\n\t\t\t\t<h3 class=\"elementor-post__title\">\n\t\t\t<a href=\"https:\/\/mopia.ca\/fr\/mopia-on-cbc-radio-noon-show\/\" >\n\t\t\t\tMOPIA \u00e0 l&#039;\u00e9mission de midi de CBC Radio\t\t\t<\/a>\n\t\t<\/h3>\n\t\t\t\t<div class=\"elementor-post__excerpt\">\n\t\t\t<p>Voir: www.cbc.ca\/news\/canada\/manitoba\/what-progress-are-we-making-to-protect-our-planet-1.3044504 Voir l&#039;article d&#039;opinion de Mark Millers sur CBC Radio \u00e0: http: \/\/www.cbc. ca \/ actualit\u00e9s \/ canada \/ manitoba \/ quels-progr\u00e8s-faisons-nous-pour-prot\u00e9ger-notre-plan\u00e8te-1.3044504<\/p>\n\t\t<\/div>\n\t\t\n\t\t<a class=\"elementor-post__read-more\" href=\"https:\/\/mopia.ca\/fr\/mopia-on-cbc-radio-noon-show\/\" aria-label=\"Read more about MOPIA on CBC Radio Noon Show\" tabindex=\"-1\" >\n\t\t\tEn savoir plus\t\t<\/a>\n\n\t\t\t\t<\/div>\n\t\t\t\t<div class=\"elementor-post__meta-data\">\n\t\t\t\t\t<span class=\"elementor-post-date\">\n\t\t\t25 avril 2015\t\t<\/span>\n\t\t\t\t<\/div>\n\t\t\t\t\t<\/div>\n\t\t<\/article>\n\t\t\t\t<article class=\"elementor-post elementor-grid-item post-6531 post type-post status-publish format-standard hentry category-uncategorized\" role=\"listitem\">\n\t\t\t<div class=\"elementor-post__card\">\n\t\t\t\t<div class=\"elementor-post__text\">\n\t\t\t\t<h3 class=\"elementor-post__title\">\n\t\t\t<a href=\"https:\/\/mopia.ca\/fr\/mopia-at-the-27th-mop-montreal-protocol-in-dubai\/\" >\n\t\t\t\tMOPIA au 27e Protocole de Montr\u00e9al MOP \u00e0 Duba\u00ef\t\t\t<\/a>\n\t\t<\/h3>\n\t\t\t\t<div class=\"elementor-post__excerpt\">\n\t\t\t<p>http:\/\/www.iisd.ca\/download\/pdf\/enb19107e.pdf http:\/\/eia-international.org\/?s=ozone http:\/\/montreal-protocol.org\/en\/<\/p>\n\t\t<\/div>\n\t\t\n\t\t<a class=\"elementor-post__read-more\" href=\"https:\/\/mopia.ca\/fr\/mopia-at-the-27th-mop-montreal-protocol-in-dubai\/\" aria-label=\"Read more about MOPIA at the 27th MOP Montreal Protocol in Dubai\" tabindex=\"-1\" >\n\t\t\tEn savoir plus\t\t<\/a>\n\n\t\t\t\t<\/div>\n\t\t\t\t<div class=\"elementor-post__meta-data\">\n\t\t\t\t\t<span class=\"elementor-post-date\">\n\t\t\t20 d\u00e9cembre 2014\t\t<\/span>\n\t\t\t\t<\/div>\n\t\t\t\t\t<\/div>\n\t\t<\/article>\n\t\t\t\t<article class=\"elementor-post elementor-grid-item post-6505 post type-post status-publish format-standard hentry category-uncategorized\" role=\"listitem\">\n\t\t\t<div class=\"elementor-post__card\">\n\t\t\t\t<div class=\"elementor-post__text\">\n\t\t\t\t<h3 class=\"elementor-post__title\">\n\t\t\t<a href=\"https:\/\/mopia.ca\/fr\/environment-canada-notice-on-hfcs\/\" >\n\t\t\t\tAvis d&#039;Environnement Canada sur les HFC\t\t\t<\/a>\n\t\t<\/h3>\n\t\t\t\t<div class=\"elementor-post__excerpt\">\n\t\t\t<p>Environnement Canada a publi\u00e9 un avis d&#039;intention de r\u00e9glementer les HFC. Voir les d\u00e9tails via les liens mis en \u00e9vidence ici: http:\/\/www.gazette.gc.ca\/rp-pr\/p1\/2014\/2014-12-06\/html\/notice-avis-fra.php<\/p>\n\t\t<\/div>\n\t\t\n\t\t<a class=\"elementor-post__read-more\" href=\"https:\/\/mopia.ca\/fr\/environment-canada-notice-on-hfcs\/\" aria-label=\"Read more about Environment Canada Notice on HFCs\" tabindex=\"-1\" >\n\t\t\tEn savoir plus\t\t<\/a>\n\n\t\t\t\t<\/div>\n\t\t\t\t<div class=\"elementor-post__meta-data\">\n\t\t\t\t\t<span class=\"elementor-post-date\">\n\t\t\t14 d\u00e9cembre 2014\t\t<\/span>\n\t\t\t\t<\/div>\n\t\t\t\t\t<\/div>\n\t\t<\/article>\n\t\t\t\t<\/div>\n\t\t\n\t\t\t\t\t\t<\/div>\n\t\t\t\t<\/div>\n\t\t\t\t<div class=\"elementor-element elementor-element-2857a982 elementor-widget elementor-widget-spacer\" data-id=\"2857a982\" data-element_type=\"widget\" data-e-type=\"widget\" data-widget_type=\"spacer.default\">\n\t\t\t\t<div class=\"elementor-widget-container\">\n\t\t\t\t\t\t\t<div class=\"elementor-spacer\">\n\t\t\t<div class=\"elementor-spacer-inner\"><\/div>\n\t\t<\/div>\n\t\t\t\t\t\t<\/div>\n\t\t\t\t<\/div>\n\t\t\t\t\t<\/div>\n\t\t<\/div>\n\t\t\t\t\t<\/div>\n\t\t<\/section>\n\t\t\t\t<\/div>","protected":false},"excerpt":{"rendered":"<p>News Stay up to date! MOPIA News Archives<\/p>","protected":false},"author":88893,"featured_media":0,"parent":0,"menu_order":0,"comment_status":"closed","ping_status":"closed","template":"elementor_header_footer","meta":{"_monsterinsights_skip_tracking":false,"_monsterinsights_sitenote_active":false,"_monsterinsights_sitenote_note":"","_monsterinsights_sitenote_category":0,"footnotes":""},"class_list":["post-5957","page","type-page","status-publish","hentry"],"_links":{"self":[{"href":"https:\/\/mopia.ca\/fr\/wp-json\/wp\/v2\/pages\/5957","targetHints":{"allow":["GET"]}}],"collection":[{"href":"https:\/\/mopia.ca\/fr\/wp-json\/wp\/v2\/pages"}],"about":[{"href":"https:\/\/mopia.ca\/fr\/wp-json\/wp\/v2\/types\/page"}],"author":[{"embeddable":true,"href":"https:\/\/mopia.ca\/fr\/wp-json\/wp\/v2\/users\/88893"}],"replies":[{"embeddable":true,"href":"https:\/\/mopia.ca\/fr\/wp-json\/wp\/v2\/comments?post=5957"}],"version-history":[{"count":0,"href":"https:\/\/mopia.ca\/fr\/wp-json\/wp\/v2\/pages\/5957\/revisions"}],"wp:attachment":[{"href":"https:\/\/mopia.ca\/fr\/wp-json\/wp\/v2\/media?parent=5957"}],"curies":[{"name":"wp","href":"https:\/\/api.w.org\/{rel}","templated":true}]}}